{"id":7258,"date":"2022-11-16T09:41:40","date_gmt":"2022-11-16T16:41:40","guid":{"rendered":"https:\/\/affderm.com\/?page_id=7258"},"modified":"2025-11-06T14:49:25","modified_gmt":"2025-11-06T21:49:25","slug":"rejuvenecimiento-facial","status":"publish","type":"page","link":"https:\/\/affderm.com\/es\/services\/aesthetic-dermatology\/facial-rejuvenation\/","title":{"rendered":"Rejuvenecimiento facial"},"content":{"rendered":"<div data-elementor-type=\"wp-page\" data-elementor-id=\"7258\" class=\"elementor elementor-7258\">\n\t\t\t\t\t\t<section class=\"elementor-section elementor-top-section elementor-element elementor-element-52978cd elementor-section-boxed elementor-section-height-default elementor-section-height-default\" data-id=\"52978cd\" data-element_type=\"section\" data-e-type=\"section\" data-settings=\"{&quot;background_background&quot;:&quot;classic&quot;}\">\n\t\t\t\t\t\t\t<div class=\"elementor-background-overlay\"><\/div>\n\t\t\t\t\t\t\t<div class=\"elementor-container elementor-column-gap-default\">\n\t\t\t\t\t<div class=\"elementor-column elementor-col-100 elementor-top-column elementor-element elementor-element-be537f5\" data-id=\"be537f5\" data-element_type=\"column\" data-e-type=\"column\">\n\t\t\t<div class=\"elementor-widget-wrap elementor-element-populated\">\n\t\t\t\t\t\t<div class=\"elementor-element elementor-element-96defcf elementor-widget elementor-widget-heading\" data-id=\"96defcf\" data-element_type=\"widget\" data-e-type=\"widget\" data-widget_type=\"heading.default\">\n\t\t\t\t<div class=\"elementor-widget-container\">\n\t\t\t\t\t<h1 class=\"elementor-heading-title elementor-size-default\">Tratamientos de rejuvenecimiento facial<\/h1>\t\t\t\t<\/div>\n\t\t\t\t<\/div>\n\t\t\t\t\t<\/div>\n\t\t<\/div>\n\t\t\t\t\t<\/div>\n\t\t<\/section>\n\t\t\t\t<section class=\"elementor-section elementor-top-section elementor-element elementor-element-2226e76 srvc-hm srvc-pg elementor-section-boxed elementor-section-height-default elementor-section-height-default\" data-id=\"2226e76\" data-element_type=\"section\" data-e-type=\"section\">\n\t\t\t\t\t\t<div class=\"elementor-container elementor-column-gap-default\">\n\t\t\t\t\t<div class=\"elementor-column elementor-col-100 elementor-top-column elementor-element elementor-element-0820e2c\" data-id=\"0820e2c\" data-element_type=\"column\" data-e-type=\"column\">\n\t\t\t<div class=\"elementor-widget-wrap elementor-element-populated\">\n\t\t\t\t\t\t<div class=\"elementor-element elementor-element-122ef7f elementor-widget elementor-widget-text-editor\" data-id=\"122ef7f\" data-element_type=\"widget\" data-e-type=\"widget\" data-widget_type=\"text-editor.default\">\n\t\t\t\t<div class=\"elementor-widget-container\">\n\t\t\t\t\t\t\t\t\t<h2>Servicios expertos de rejuvenecimiento facial en el valle de Phoenix<\/h2>\n<p><span style=\"font-weight: 400;\">\u00bfBusca un modo de sentirse m\u00e1s seguro de s\u00ed mismo? \u00bfTiene un gran evento pr\u00f3ximamente y quiere impresionar? El equipo de dermat\u00f3logos del \u00e1rea de Phoenix en <a href=\"\/es\/\">Dermatolog\u00eda afiliada<\/a> le tiene cubierto. <\/span><span style=\"font-weight: 400;\">La cirug\u00eda no es la \u00fanica manera de lograr una apariencia juvenil. Nuestro personal de la zona de Phoenix tiene una amplia experiencia con los rellenos m\u00e1s avanzados y tratamientos cosm\u00e9ticos inyectables implicados en el rejuvenecimiento facial. Programe su rejuvenecimiento facial Phoenix con nosotros en uno de nuestros varios <a href=\"https:\/\/affderm.com\/es\/lugares\/\">localizaciones en el valle de Phoenix<\/a>.&nbsp;<\/span><\/p>\n<h3>Tratamientos personalizados de rejuvenecimiento facial<\/h3>\n<p><span style=\"font-weight: 400;\">Con tantas novedades e innovaciones&nbsp;<\/span><a href=\"https:\/\/affderm.com\/es\/servicios\/\" target=\"_blank\">tratamientos y procedimientos<\/a><span style=\"font-weight: 400;\">es dif\u00edcil saber qu\u00e9 es lo m\u00e1s adecuado para su tipo de piel. Si usted est\u00e1 buscando una mejora de menor importancia o para un r\u00e9gimen m\u00e1s extenso cuidado de la piel, nuestro objetivo es proporcionar resultados de aspecto natural, pero impresionante que tendr\u00e1 un aspecto renovado y rejuvenecido. Desde servicios est\u00e9ticos en Phoenix como <a href=\"https:\/\/affderm.com\/es\/dysport\/\">Dysport<\/a> y <a href=\"https:\/\/affderm.com\/es\/botox\/\">Botox<\/a> a <a href=\"https:\/\/affderm.com\/es\/servicios\/dermatologia-estetica\/exfoliaciones-quimicas\/\">exfoliaciones qu\u00edmicas<\/a> y <a href=\"https:\/\/affderm.com\/es\/servicios\/dermatologia-estetica\/microneedling\/\">microneedling<\/a> a los rellenos inyectables, ofrecemos atenci\u00f3n de primera clase para todas sus necesidades dermatol\u00f3gicas en el \u00e1rea de Phoenix. <\/span><\/p>\n<p><strong>\u00bfEst\u00e1s listo para amar cada vista de ti? Ll\u00e1manos al <a href=\"tel:602612-5682\">(602) 612-5682<\/a> o deje un mensaje a <a href=\"https:\/\/affderm.com\/es\/contacto\/\">programar una consulta gratuita<\/a>-y preg\u00fantenos por nuestros precios especiales.<\/strong><\/p>\t\t\t\t\t\t\t\t<\/div>\n\t\t\t\t<\/div>\n\t\t\t\t\t<\/div>\n\t\t<\/div>\n\t\t\t\t\t<\/div>\n\t\t<\/section>\n\t\t\t\t<section class=\"elementor-section elementor-top-section elementor-element elementor-element-0eb41d1 srvc-pg elementor-section-boxed elementor-section-height-default elementor-section-height-default\" data-id=\"0eb41d1\" data-element_type=\"section\" data-e-type=\"section\">\n\t\t\t\t\t\t<div class=\"elementor-container elementor-column-gap-default\">\n\t\t\t\t\t<div class=\"elementor-column elementor-col-100 elementor-top-column elementor-element elementor-element-a4b3a41\" data-id=\"a4b3a41\" data-element_type=\"column\" data-e-type=\"column\">\n\t\t\t<div class=\"elementor-widget-wrap elementor-element-populated\">\n\t\t\t\t\t\t<div class=\"elementor-element elementor-element-f95bd1e elementor-widget elementor-widget-text-editor\" data-id=\"f95bd1e\" data-element_type=\"widget\" data-e-type=\"widget\" data-widget_type=\"text-editor.default\">\n\t\t\t\t<div class=\"elementor-widget-container\">\n\t\t\t\t\t\t\t\t\t<h2 style=\"text-align: center;\">Tratamientos de Rejuvenecimiento Facial que ofrecemos:<\/h2>\t\t\t\t\t\t\t\t<\/div>\n\t\t\t\t<\/div>\n\t\t\t\t<section class=\"elementor-section elementor-inner-section elementor-element elementor-element-4d6e5cc elementor-section-boxed elementor-section-height-default elementor-section-height-default\" data-id=\"4d6e5cc\" data-element_type=\"section\" data-e-type=\"section\">\n\t\t\t\t\t\t<div class=\"elementor-container elementor-column-gap-default\">\n\t\t\t\t\t<div class=\"elementor-column elementor-col-33 elementor-inner-column elementor-element elementor-element-1c3c48b\" data-id=\"1c3c48b\" data-element_type=\"column\" data-e-type=\"column\">\n\t\t\t<div class=\"elementor-widget-wrap elementor-element-populated\">\n\t\t\t\t\t\t<div class=\"elementor-element elementor-element-620ba7c srvc-bx elementor-position-top elementor-widget elementor-widget-image-box\" data-id=\"620ba7c\" data-element_type=\"widget\" data-e-type=\"widget\" data-widget_type=\"image-box.default\">\n\t\t\t\t<div class=\"elementor-widget-container\">\n\t\t\t\t\t<div class=\"elementor-image-box-wrapper\"><figure class=\"elementor-image-box-img\"><a href=\"https:\/\/affderm.com\/es\/servicios\/dermatologia-estetica\/rejuvenecimiento-facial-renuvion\/\" tabindex=\"-1\"><img fetchpriority=\"high\" decoding=\"async\" width=\"720\" height=\"720\" src=\"https:\/\/affderm.com\/wp-content\/uploads\/2025\/08\/Renuvion-Face-Hero-Tile.jpg\" class=\"attachment-full size-full wp-image-12758\" alt=\"\" srcset=\"https:\/\/affderm.com\/wp-content\/uploads\/2025\/08\/Renuvion-Face-Hero-Tile.jpg 720w, https:\/\/affderm.com\/wp-content\/uploads\/2025\/08\/Renuvion-Face-Hero-Tile-500x500.jpg 500w, https:\/\/affderm.com\/wp-content\/uploads\/2025\/08\/Renuvion-Face-Hero-Tile-12x12.jpg 12w, https:\/\/affderm.com\/wp-content\/uploads\/2025\/08\/Renuvion-Face-Hero-Tile-700x700.jpg 700w, https:\/\/affderm.com\/wp-content\/uploads\/2025\/08\/Renuvion-Face-Hero-Tile-150x150.jpg 150w\" sizes=\"(max-width: 720px) 100vw, 720px\" \/><\/a><\/figure><div class=\"elementor-image-box-content\"><h2 class=\"elementor-image-box-title\"><a href=\"https:\/\/affderm.com\/es\/servicios\/dermatologia-estetica\/rejuvenecimiento-facial-renuvion\/\">Rejuvenecimiento facial Renuvion<\/a><\/h2><p class=\"elementor-image-box-description\">Renuvion\u00ae es el futuro del rejuvenecimiento de la piel del rostro, ya que ofrece una soluci\u00f3n no quir\u00fargica que alisa y contrae la piel en un solo procedimiento. Dise\u00f1ado como un gran avance para la renovaci\u00f3n facial, Renuvion utiliza energ\u00eda de plasma de helio aplicada con precisi\u00f3n a una fina capa de la piel para ofrecer resultados transformadores.\n<br \/>\n<br \/>\n<a href=\"https:\/\/affderm.com\/es\/servicios\/dermatologia-estetica\/rejuvenecimiento-facial-renuvion\/\">M\u00e1s informaci\u00f3n<\/a><\/p><\/div><\/div>\t\t\t\t<\/div>\n\t\t\t\t<\/div>\n\t\t\t\t\t<\/div>\n\t\t<\/div>\n\t\t\t\t<div class=\"elementor-column elementor-col-33 elementor-inner-column elementor-element elementor-element-d4a1bf4\" data-id=\"d4a1bf4\" data-element_type=\"column\" data-e-type=\"column\">\n\t\t\t<div class=\"elementor-widget-wrap elementor-element-populated\">\n\t\t\t\t\t\t<div class=\"elementor-element elementor-element-c2ee592 srvc-bx elementor-position-top elementor-widget elementor-widget-image-box\" data-id=\"c2ee592\" data-element_type=\"widget\" data-e-type=\"widget\" data-widget_type=\"image-box.default\">\n\t\t\t\t<div class=\"elementor-widget-container\">\n\t\t\t\t\t<div class=\"elementor-image-box-wrapper\"><figure class=\"elementor-image-box-img\"><img decoding=\"async\" width=\"720\" height=\"320\" src=\"https:\/\/affderm.com\/wp-content\/uploads\/2022\/11\/Melasma.jpg\" class=\"attachment-full size-full wp-image-7272\" alt=\"piel con Melasma\" \/><\/figure><div class=\"elementor-image-box-content\"><h2 class=\"elementor-image-box-title\">Melasma<\/h2><p class=\"elementor-image-box-description\">El melasma se presenta con <a href=\"https:\/\/www.medicalnewstoday.com\/articles\/323715#1\" target=\"a_blank\">manchas marrones<\/a> en las mejillas, el puente de la nariz, la frente y el labio superior. Esta afecci\u00f3n es m\u00e1s com\u00fan en mujeres de color y se da con m\u00e1s frecuencia en aquellas con antecedentes familiares de la afecci\u00f3n, mujeres embarazadas o mujeres que toman anticonceptivos. La gen\u00e9tica tambi\u00e9n puede ser una de las causas de la aparici\u00f3n de manchas marrones. Algunas manchas marrones pueden ser c\u00e1ncer de piel. Si tiene una mancha marr\u00f3n que ha aparecido de repente y est\u00e1 cambiando de forma y tama\u00f1o, p\u00f3ngase en contacto con nosotros inmediatamente para que la examine uno de nuestros expertos m\u00e9dicos.\n<br \/>\n<br \/>\n<a href=\"\/es\/servicios\/dermatologia-medica\/melasma\/\">M\u00e1s informaci\u00f3n<\/a><\/p><\/div><\/div>\t\t\t\t<\/div>\n\t\t\t\t<\/div>\n\t\t\t\t\t<\/div>\n\t\t<\/div>\n\t\t\t\t<div class=\"elementor-column elementor-col-33 elementor-inner-column elementor-element elementor-element-28503d6\" data-id=\"28503d6\" data-element_type=\"column\" data-e-type=\"column\">\n\t\t\t<div class=\"elementor-widget-wrap elementor-element-populated\">\n\t\t\t\t\t\t<div class=\"elementor-element elementor-element-b4fe3f0 srvc-bx elementor-position-top elementor-widget elementor-widget-image-box\" data-id=\"b4fe3f0\" data-element_type=\"widget\" data-e-type=\"widget\" data-widget_type=\"image-box.default\">\n\t\t\t\t<div class=\"elementor-widget-container\">\n\t\t\t\t\t<div class=\"elementor-image-box-wrapper\"><figure class=\"elementor-image-box-img\"><img decoding=\"async\" width=\"719\" height=\"309\" src=\"https:\/\/affderm.com\/wp-content\/uploads\/2022\/11\/Glamour-Peel-e1668616980444.jpg\" class=\"attachment-full size-full wp-image-7268\" alt=\"Peeling Glamour en el rostro\" \/><\/figure><div class=\"elementor-image-box-content\"><h2 class=\"elementor-image-box-title\">Peeling Glamour<\/h2><p class=\"elementor-image-box-description\">Este tratamiento l\u00e1ser no invasivo est\u00e1 dise\u00f1ado para rejuvenecer su piel, d\u00e1ndole un aspecto fresco y radiante.\nNuestro tratamiento Glamour Peel est\u00e1 dise\u00f1ado para tratar todo tipo de piel sin tiempo de inactividad. El l\u00e1ser est\u00e1 dise\u00f1ado para tratar desde rojeces hasta manchas marrones, decoloraci\u00f3n, exceso de pigmento, l\u00edneas finas y arrugas, da\u00f1o solar, piel fl\u00e1cida, piel apagada y tono de piel desigual. \n\n<br \/>\n<br \/>\n<a href=\"\/es\/peeling-glamour\/\">M\u00e1s informaci\u00f3n<\/a><\/p><\/div><\/div>\t\t\t\t<\/div>\n\t\t\t\t<\/div>\n\t\t\t\t\t<\/div>\n\t\t<\/div>\n\t\t\t\t\t<\/div>\n\t\t<\/section>\n\t\t\t\t<section class=\"elementor-section elementor-inner-section elementor-element elementor-element-dc713cf elementor-section-boxed elementor-section-height-default elementor-section-height-default\" data-id=\"dc713cf\" data-element_type=\"section\" data-e-type=\"section\">\n\t\t\t\t\t\t<div class=\"elementor-container elementor-column-gap-default\">\n\t\t\t\t\t<div class=\"elementor-column elementor-col-33 elementor-inner-column elementor-element elementor-element-d3079ca\" data-id=\"d3079ca\" data-element_type=\"column\" data-e-type=\"column\">\n\t\t\t<div class=\"elementor-widget-wrap elementor-element-populated\">\n\t\t\t\t\t\t<div class=\"elementor-element elementor-element-702392f srvc-bx elementor-position-top elementor-widget elementor-widget-image-box\" data-id=\"702392f\" data-element_type=\"widget\" data-e-type=\"widget\" data-widget_type=\"image-box.default\">\n\t\t\t\t<div class=\"elementor-widget-container\">\n\t\t\t\t\t<div class=\"elementor-image-box-wrapper\"><figure class=\"elementor-image-box-img\"><a href=\"https:\/\/affderm.com\/es\/servicios\/dermatologia-medica\/tratamiento-del-acne-prevencion\/\" tabindex=\"-1\"><img loading=\"lazy\" decoding=\"async\" width=\"719\" height=\"313\" src=\"https:\/\/affderm.com\/wp-content\/uploads\/2022\/11\/Acne-Scar-Reduction-e1668617024260.jpg\" class=\"attachment-full size-full wp-image-7265\" alt=\"mujer con cicatrices de acn\u00e9\" \/><\/a><\/figure><div class=\"elementor-image-box-content\"><h2 class=\"elementor-image-box-title\"><a href=\"https:\/\/affderm.com\/es\/servicios\/dermatologia-medica\/tratamiento-del-acne-prevencion\/\">Reducci\u00f3n de las cicatrices del acn\u00e9<\/a><\/h2><p class=\"elementor-image-box-description\">El equipo de Affiliated Dermatology ofrece varias soluciones para tratar el acn\u00e9 rebelde y evitar que reaparezca. Ya sea joven o maduro, ofrecemos m\u00faltiples tratamientos para tratar el acn\u00e9.cirug\u00eda del acn\u00e9 se puede realizar para extraer puntos negros y blancos. Para aquellos que desean evitar tomar medicamentos, Affiliated Dermatology ofrece alternativas para el tratamiento del acn\u00e9 como microneedling y peelings qu\u00edmicos.\n<br \/>\n<br \/>\n<a href=\"\/es\/servicios\/dermatologia-medica\/tratamiento-del-acne-prevencion\/\">M\u00e1s informaci\u00f3n<\/a><\/p><\/div><\/div>\t\t\t\t<\/div>\n\t\t\t\t<\/div>\n\t\t\t\t\t<\/div>\n\t\t<\/div>\n\t\t\t\t<div class=\"elementor-column elementor-col-33 elementor-inner-column elementor-element elementor-element-7c8bf1b\" data-id=\"7c8bf1b\" data-element_type=\"column\" data-e-type=\"column\">\n\t\t\t<div class=\"elementor-widget-wrap elementor-element-populated\">\n\t\t\t\t\t\t<div class=\"elementor-element elementor-element-686142c srvc-bx elementor-position-top elementor-widget elementor-widget-image-box\" data-id=\"686142c\" data-element_type=\"widget\" data-e-type=\"widget\" data-widget_type=\"image-box.default\">\n\t\t\t\t<div class=\"elementor-widget-container\">\n\t\t\t\t\t<div class=\"elementor-image-box-wrapper\"><figure class=\"elementor-image-box-img\"><a href=\"https:\/\/affderm.com\/es\/servicios\/dermatologia-estetica\/plasma-neogeno\/\" tabindex=\"-1\"><img loading=\"lazy\" decoding=\"async\" width=\"720\" height=\"321\" src=\"https:\/\/affderm.com\/wp-content\/uploads\/2022\/11\/Increase-Collagen-_-Elastin.jpg\" class=\"attachment-full size-full wp-image-7269\" alt=\"Aumentar el col\u00e1geno y la elastina\" \/><\/a><\/figure><div class=\"elementor-image-box-content\"><h2 class=\"elementor-image-box-title\"><a href=\"https:\/\/affderm.com\/es\/servicios\/dermatologia-estetica\/plasma-neogeno\/\">Aumenta el col\u00e1geno y la elastina<\/a><\/h2><p class=\"elementor-image-box-description\">El col\u00e1geno y la elastina son prote\u00ednas que dan estructura y elasticidad a la piel. Existen varias formas de aumentar la producci\u00f3n de col\u00e1geno y elastina en el rostro.  Los rellenos d\u00e9rmicos y las inyecciones faciales tambi\u00e9n pueden ayudar a estimular la producci\u00f3n de col\u00e1geno y mejorar el aspecto de las l\u00edneas finas y las arrugas. Los tratamientos con l\u00e1ser, como el rejuvenecimiento fraccionado con l\u00e1ser y las micropuntas, pueden estimular la producci\u00f3n de col\u00e1geno y mejorar el aspecto de la piel.\n<br \/>\n<br \/>\n<a href=\"https:\/\/affderm.com\/es\/servicios\/dermatologia-estetica\/plasma-neogeno\/\">M\u00e1s informaci\u00f3n<\/a><\/p><\/div><\/div>\t\t\t\t<\/div>\n\t\t\t\t<\/div>\n\t\t\t\t\t<\/div>\n\t\t<\/div>\n\t\t\t\t<div class=\"elementor-column elementor-col-33 elementor-inner-column elementor-element elementor-element-14af43c\" data-id=\"14af43c\" data-element_type=\"column\" data-e-type=\"column\">\n\t\t\t<div class=\"elementor-widget-wrap elementor-element-populated\">\n\t\t\t\t\t\t<div class=\"elementor-element elementor-element-8301d00 srvc-bx elementor-position-top elementor-widget elementor-widget-image-box\" data-id=\"8301d00\" data-element_type=\"widget\" data-e-type=\"widget\" data-widget_type=\"image-box.default\">\n\t\t\t\t<div class=\"elementor-widget-container\">\n\t\t\t\t\t<div class=\"elementor-image-box-wrapper\"><figure class=\"elementor-image-box-img\"><a href=\"\" tabindex=\"-1\"><img loading=\"lazy\" decoding=\"async\" width=\"720\" height=\"321\" src=\"https:\/\/affderm.com\/wp-content\/uploads\/2022\/11\/Skin-Tone-_-Texture.jpg\" class=\"attachment-full size-full wp-image-7273\" alt=\"mujer con tono y textura de piel muy uniforme\" \/><\/a><\/figure><div class=\"elementor-image-box-content\"><h2 class=\"elementor-image-box-title\"><a href=\"\">Tono y textura de la piel<\/a><\/h2><p class=\"elementor-image-box-description\">El tono de la piel se refiere al color natural de la piel, que viene determinado por la cantidad y distribuci\u00f3n de las c\u00e9lulas pigmentarias llamadas melanocitos. La textura de la piel se refiere al tacto y aspecto de la superficie cut\u00e1nea, que puede verse afectada por factores como la hidrataci\u00f3n, la producci\u00f3n de grasa y la presencia de l\u00edneas finas y poros.\n<br \/>\n<br \/>\n<a href=\"https:\/\/affderm.com\/es\/servicios\/dermatologia-estetica\/plasma-neogeno\/\">M\u00e1s informaci\u00f3n<\/a><\/p><\/div><\/div>\t\t\t\t<\/div>\n\t\t\t\t<\/div>\n\t\t\t\t\t<\/div>\n\t\t<\/div>\n\t\t\t\t\t<\/div>\n\t\t<\/section>\n\t\t\t\t<section class=\"elementor-section elementor-inner-section elementor-element elementor-element-91634cf elementor-section-full_width elementor-section-height-default elementor-section-height-default\" data-id=\"91634cf\" data-element_type=\"section\" data-e-type=\"section\">\n\t\t\t\t\t\t<div class=\"elementor-container elementor-column-gap-default\">\n\t\t\t\t\t<div class=\"elementor-column elementor-col-100 elementor-inner-column elementor-element elementor-element-938c480\" data-id=\"938c480\" data-element_type=\"column\" data-e-type=\"column\">\n\t\t\t<div class=\"elementor-widget-wrap elementor-element-populated\">\n\t\t\t\t\t\t<div class=\"elementor-element elementor-element-e32935b elementor-align-center elementor-widget elementor-widget-button\" data-id=\"e32935b\" data-element_type=\"widget\" data-e-type=\"widget\" data-widget_type=\"button.default\">\n\t\t\t\t<div class=\"elementor-widget-container\">\n\t\t\t\t\t\t\t\t\t<div class=\"elementor-button-wrapper\">\n\t\t\t\t\t<a class=\"elementor-button elementor-button-link elementor-size-md\" href=\"https:\/\/l.klara.com\/R9YiMF6k4Ux8PCxU\" target=\"_blank\">\n\t\t\t\t\t\t<span class=\"elementor-button-content-wrapper\">\n\t\t\t\t\t\t\t\t\t<span class=\"elementor-button-text\">Programe su cita en l\u00ednea hoy mismo<\/span>\n\t\t\t\t\t<\/span>\n\t\t\t\t\t<\/a>\n\t\t\t\t<\/div>\n\t\t\t\t\t\t\t\t<\/div>\n\t\t\t\t<\/div>\n\t\t\t\t\t<\/div>\n\t\t<\/div>\n\t\t\t\t\t<\/div>\n\t\t<\/section>\n\t\t\t\t<section class=\"elementor-section elementor-inner-section elementor-element elementor-element-33c6bb0 elementor-section-boxed elementor-section-height-default elementor-section-height-default\" data-id=\"33c6bb0\" data-element_type=\"section\" data-e-type=\"section\">\n\t\t\t\t\t\t<div class=\"elementor-container elementor-column-gap-default\">\n\t\t\t\t\t<div class=\"elementor-column elementor-col-33 elementor-inner-column elementor-element elementor-element-64069e3\" data-id=\"64069e3\" data-element_type=\"column\" data-e-type=\"column\">\n\t\t\t<div class=\"elementor-widget-wrap elementor-element-populated\">\n\t\t\t\t\t\t<div class=\"elementor-element elementor-element-a81d8d7 srvc-bx elementor-position-top elementor-widget elementor-widget-image-box\" data-id=\"a81d8d7\" data-element_type=\"widget\" data-e-type=\"widget\" data-widget_type=\"image-box.default\">\n\t\t\t\t<div class=\"elementor-widget-container\">\n\t\t\t\t\t<div class=\"elementor-image-box-wrapper\"><figure class=\"elementor-image-box-img\"><a href=\"https:\/\/affderm.com\/es\/servicios\/dermatologia-estetica\/plasma-neogeno\/\" tabindex=\"-1\"><img loading=\"lazy\" decoding=\"async\" width=\"720\" height=\"321\" src=\"https:\/\/affderm.com\/wp-content\/uploads\/2022\/11\/Fine-Lines-_-Laxity.jpg\" class=\"attachment-full size-full wp-image-7267\" alt=\"rostro con l\u00edneas de expresi\u00f3n\" \/><\/a><\/figure><div class=\"elementor-image-box-content\"><h2 class=\"elementor-image-box-title\"><a href=\"https:\/\/affderm.com\/es\/servicios\/dermatologia-estetica\/plasma-neogeno\/\">L\u00edneas finas y flacidez<\/a><\/h2><p class=\"elementor-image-box-description\">Las arrugas finas y la laxitud del rostro son signos comunes de envejecimiento que pueden deberse a diversos factores, como la exposici\u00f3n al sol, la gen\u00e9tica y el proceso natural de envejecimiento. Para mejorar las arrugas finas y la laxitud del rostro, puede utilizar productos para el cuidado de la piel que contengan ingredientes que estimulen la producci\u00f3n de col\u00e1geno y mejoren la elasticidad de la piel. Tambi\u00e9n pueden utilizarse rellenos d\u00e9rmicos e inyecciones faciales para mejorar el aspecto de las l\u00edneas finas y la laxitud. Los tratamientos con l\u00e1ser, como el rejuvenecimiento fraccionado con l\u00e1ser y las micropuntas, pueden estimular la producci\u00f3n de col\u00e1geno y mejorar el aspecto de la piel.\n<br \/>\n<br \/>\n<a href=\"https:\/\/affderm.com\/es\/servicios\/dermatologia-estetica\/plasma-neogeno\/\">M\u00e1s informaci\u00f3n<\/a><\/p><\/div><\/div>\t\t\t\t<\/div>\n\t\t\t\t<\/div>\n\t\t\t\t\t<\/div>\n\t\t<\/div>\n\t\t\t\t<div class=\"elementor-column elementor-col-33 elementor-inner-column elementor-element elementor-element-c522d2c\" data-id=\"c522d2c\" data-element_type=\"column\" data-e-type=\"column\">\n\t\t\t<div class=\"elementor-widget-wrap elementor-element-populated\">\n\t\t\t\t\t\t<div class=\"elementor-element elementor-element-6c353e9 srvc-bx elementor-position-top elementor-widget elementor-widget-image-box\" data-id=\"6c353e9\" data-element_type=\"widget\" data-e-type=\"widget\" data-widget_type=\"image-box.default\">\n\t\t\t\t<div class=\"elementor-widget-container\">\n\t\t\t\t\t<div class=\"elementor-image-box-wrapper\"><figure class=\"elementor-image-box-img\"><a href=\"https:\/\/affderm.com\/es\/servicios\/dermatologia-estetica\/manchas-solares-fotoenvejecimiento\/\" tabindex=\"-1\"><img loading=\"lazy\" decoding=\"async\" width=\"720\" height=\"321\" src=\"https:\/\/affderm.com\/wp-content\/uploads\/2022\/11\/Sun-Spots-Photodamage.jpg\" class=\"attachment-full size-full wp-image-7274\" alt=\"cara con manchas solares\" \/><\/a><\/figure><div class=\"elementor-image-box-content\"><h2 class=\"elementor-image-box-title\"><a href=\"https:\/\/affderm.com\/es\/servicios\/dermatologia-estetica\/manchas-solares-fotoenvejecimiento\/\">Manchas solares \/ Fotoda\u00f1o<\/a><\/h2><p class=\"elementor-image-box-description\">Las manchas solares, tambi\u00e9n conocidas como manchas de la edad o hiperpigmentaci\u00f3n, son manchas planas de color marr\u00f3n que aparecen en la piel como consecuencia de la exposici\u00f3n al sol. Son un signo com\u00fan de fotoda\u00f1o, que es el da\u00f1o de la piel causado por la exposici\u00f3n a la radiaci\u00f3n UV. Los peelings qu\u00edmicos y la microdermoabrasi\u00f3n tambi\u00e9n pueden ser eficaces para mejorar las manchas solares y el fotoda\u00f1o. Es importante proteger la piel de otros da\u00f1os solares utilizando un protector solar con un FPS alto y ropa protectora cuando se pasa tiempo al aire libre.\n<br \/>\n<br \/>\n<a href=\"https:\/\/affderm.com\/es\/servicios\/dermatologia-estetica\/manchas-solares-fotoenvejecimiento\/\">M\u00e1s informaci\u00f3n<\/a><\/p><\/div><\/div>\t\t\t\t<\/div>\n\t\t\t\t<\/div>\n\t\t\t\t\t<\/div>\n\t\t<\/div>\n\t\t\t\t<div class=\"elementor-column elementor-col-33 elementor-inner-column elementor-element elementor-element-4ed913c\" data-id=\"4ed913c\" data-element_type=\"column\" data-e-type=\"column\">\n\t\t\t<div class=\"elementor-widget-wrap elementor-element-populated\">\n\t\t\t\t\t\t<div class=\"elementor-element elementor-element-f4fcada srvc-bx elementor-position-top elementor-widget elementor-widget-image-box\" data-id=\"f4fcada\" data-element_type=\"widget\" data-e-type=\"widget\" data-widget_type=\"image-box.default\">\n\t\t\t\t<div class=\"elementor-widget-container\">\n\t\t\t\t\t<div class=\"elementor-image-box-wrapper\"><figure class=\"elementor-image-box-img\"><a href=\"https:\/\/affderm.com\/es\/servicios\/dermatologia-estetica\/cirugia-no-quirurgica-de-parpados\/\" tabindex=\"-1\"><img loading=\"lazy\" decoding=\"async\" width=\"720\" height=\"321\" src=\"https:\/\/affderm.com\/wp-content\/uploads\/2022\/11\/Lower-_-Upper-Eyelids.jpg\" class=\"attachment-full size-full wp-image-7271\" alt=\"p\u00e1rpados inferior y superior de la cara de la mujer\" \/><\/a><\/figure><div class=\"elementor-image-box-content\"><h2 class=\"elementor-image-box-title\"><a href=\"https:\/\/affderm.com\/es\/servicios\/dermatologia-estetica\/cirugia-no-quirurgica-de-parpados\/\">P\u00e1rpados inferiores y superiores<\/a><\/h2><p class=\"elementor-image-box-description\">Los p\u00e1rpados inferiores y superiores son una parte importante de la zona ocular que puede ser propensa al envejecimiento y a otros cambios. La piel de los p\u00e1rpados es fina y delicada, y puede verse afectada por diversos factores, como la exposici\u00f3n al sol, la gen\u00e9tica y el proceso natural de envejecimiento. Para mejorar el aspecto de los p\u00e1rpados inferiores y superiores, puede probar a utilizar productos de cuidado de la piel formulados para la zona ocular. Los tratamientos no invasivos, como los peelings qu\u00edmicos o la microdermoabrasi\u00f3n, tambi\u00e9n pueden ser eficaces para mejorar el aspecto de los p\u00e1rpados inferiores y superiores.\n<br \/>\n<br \/>\n<a href=\"https:\/\/affderm.com\/es\/servicios\/dermatologia-estetica\/cirugia-no-quirurgica-de-parpados\/\">M\u00e1s informaci\u00f3n<\/a><\/p><\/div><\/div>\t\t\t\t<\/div>\n\t\t\t\t<\/div>\n\t\t\t\t\t<\/div>\n\t\t<\/div>\n\t\t\t\t\t<\/div>\n\t\t<\/section>\n\t\t\t\t<section class=\"elementor-section elementor-inner-section elementor-element elementor-element-e34de81 elementor-section-boxed elementor-section-height-default elementor-section-height-default\" data-id=\"e34de81\" data-element_type=\"section\" data-e-type=\"section\">\n\t\t\t\t\t\t<div class=\"elementor-container elementor-column-gap-default\">\n\t\t\t\t\t<div class=\"elementor-column elementor-col-33 elementor-inner-column elementor-element elementor-element-83b0e60\" data-id=\"83b0e60\" data-element_type=\"column\" data-e-type=\"column\">\n\t\t\t<div class=\"elementor-widget-wrap elementor-element-populated\">\n\t\t\t\t\t\t<div class=\"elementor-element elementor-element-f47d494 srvc-bx elementor-position-top elementor-widget elementor-widget-image-box\" data-id=\"f47d494\" data-element_type=\"widget\" data-e-type=\"widget\" data-widget_type=\"image-box.default\">\n\t\t\t\t<div class=\"elementor-widget-container\">\n\t\t\t\t\t<div class=\"elementor-image-box-wrapper\"><figure class=\"elementor-image-box-img\"><a href=\"https:\/\/affderm.com\/es\/servicios\/dermatologia-estetica\/laser-agnes\/\" tabindex=\"-1\"><img loading=\"lazy\" decoding=\"async\" width=\"720\" height=\"321\" src=\"https:\/\/affderm.com\/wp-content\/uploads\/2022\/11\/Under-Eye-Bags.jpg\" class=\"attachment-full size-full wp-image-7275\" alt=\"bolsas bajo los ojos delineadas en la cara\" \/><\/a><\/figure><div class=\"elementor-image-box-content\"><h2 class=\"elementor-image-box-title\"><a href=\"https:\/\/affderm.com\/es\/servicios\/dermatologia-estetica\/laser-agnes\/\">Bolsas bajo los ojos<\/a><\/h2><p class=\"elementor-image-box-description\">Las bolsas de los ojos son un problema frecuente que puede deberse a diversos factores, como la gen\u00e9tica, el envejecimiento y los h\u00e1bitos de vida. Para mejorar las bolsas de los ojos, puede probar a utilizar productos de cuidado de la piel formulados para el contorno de los ojos, como cremas y sueros, para hidratar y nutrir la piel. Los tratamientos no invasivos, como los rellenos d\u00e9rmicos o las inyecciones faciales, tambi\u00e9n pueden ser eficaces para mejorar el aspecto de las bolsas de los ojos. Es importante evitar frotar o tirar de la piel alrededor de los ojos, ya que esto puede causar da\u00f1os y contribuir al desarrollo de l\u00edneas finas y arrugas.\n<br \/>\n<br \/>\n<a href=\"https:\/\/affderm.com\/es\/servicios\/dermatologia-estetica\/laser-agnes\/\">M\u00e1s informaci\u00f3n<\/a><\/p><\/div><\/div>\t\t\t\t<\/div>\n\t\t\t\t<\/div>\n\t\t\t\t\t<\/div>\n\t\t<\/div>\n\t\t\t\t<div class=\"elementor-column elementor-col-33 elementor-inner-column elementor-element elementor-element-c219b38\" data-id=\"c219b38\" data-element_type=\"column\" data-e-type=\"column\">\n\t\t\t<div class=\"elementor-widget-wrap elementor-element-populated\">\n\t\t\t\t\t\t<div class=\"elementor-element elementor-element-f1b0e18 srvc-bx elementor-position-top elementor-widget elementor-widget-image-box\" data-id=\"f1b0e18\" data-element_type=\"widget\" data-e-type=\"widget\" data-widget_type=\"image-box.default\">\n\t\t\t\t<div class=\"elementor-widget-container\">\n\t\t\t\t\t<div class=\"elementor-image-box-wrapper\"><figure class=\"elementor-image-box-img\"><a href=\"https:\/\/affderm.com\/es\/servicios\/dermatologia-estetica\/laser-agnes\/\" tabindex=\"-1\"><img loading=\"lazy\" decoding=\"async\" width=\"720\" height=\"321\" src=\"https:\/\/affderm.com\/wp-content\/uploads\/2022\/11\/Chin-Reduction.jpg\" class=\"attachment-full size-full wp-image-7266\" alt=\"reducci\u00f3n de ment\u00f3n antes y despu\u00e9s\" \/><\/a><\/figure><div class=\"elementor-image-box-content\"><h2 class=\"elementor-image-box-title\"><a href=\"https:\/\/affderm.com\/es\/servicios\/dermatologia-estetica\/laser-agnes\/\">Reducci\u00f3n de ment\u00f3n<\/a><\/h2><p class=\"elementor-image-box-description\">La reducci\u00f3n de ment\u00f3n, tambi\u00e9n conocida como genioplastia o mentoplastia, es un procedimiento quir\u00fargico que consiste en reducir el tama\u00f1o y la forma del ment\u00f3n. A menudo se realiza para mejorar el equilibrio y la proporci\u00f3n de la cara, y se puede hacer a trav\u00e9s de una variedad de m\u00e9todos, incluyendo la liposucci\u00f3n, rellenos d\u00e9rmicos, y la escultura quir\u00fargica.\n<br \/>\n<br \/>\n<a href=\"https:\/\/affderm.com\/es\/servicios\/dermatologia-estetica\/laser-agnes\/\">M\u00e1s informaci\u00f3n<\/a><\/p><\/div><\/div>\t\t\t\t<\/div>\n\t\t\t\t<\/div>\n\t\t\t\t\t<\/div>\n\t\t<\/div>\n\t\t\t\t<div class=\"elementor-column elementor-col-33 elementor-inner-column elementor-element elementor-element-97f6694\" data-id=\"97f6694\" data-element_type=\"column\" data-e-type=\"column\">\n\t\t\t<div class=\"elementor-widget-wrap elementor-element-populated\">\n\t\t\t\t\t\t<div class=\"elementor-element elementor-element-338d232 srvc-bx elementor-position-top elementor-widget elementor-widget-image-box\" data-id=\"338d232\" data-element_type=\"widget\" data-e-type=\"widget\" data-widget_type=\"image-box.default\">\n\t\t\t\t<div class=\"elementor-widget-container\">\n\t\t\t\t\t<div class=\"elementor-image-box-wrapper\"><figure class=\"elementor-image-box-img\"><a href=\"https:\/\/affderm.com\/es\/servicios\/dermatologia-estetica\/laser-agnes\/\" tabindex=\"-1\"><img loading=\"lazy\" decoding=\"async\" width=\"720\" height=\"321\" src=\"https:\/\/affderm.com\/wp-content\/uploads\/2022\/11\/Jawline-Sculpting.jpg\" class=\"attachment-full size-full wp-image-7270\" alt=\"mujer con mand\u00edbula esculpida\" \/><\/a><\/figure><div class=\"elementor-image-box-content\"><h2 class=\"elementor-image-box-title\"><a href=\"https:\/\/affderm.com\/es\/servicios\/dermatologia-estetica\/laser-agnes\/\">Esculpir la mand\u00edbula<\/a><\/h2><p class=\"elementor-image-box-description\">La escultura de la mand\u00edbula es un procedimiento cosm\u00e9tico que consiste en dar forma y contorno a la mand\u00edbula para mejorar el aspecto de la cara. Puede realizarse mediante diversos m\u00e9todos, como rellenos d\u00e9rmicos, inyecciones faciales y procedimientos quir\u00fargicos. Las t\u00e9cnicas no quir\u00fargicas de esculpido de la mand\u00edbula, como los rellenos d\u00e9rmicos y las inyecciones faciales, pueden realizarse en la consulta del m\u00e9dico con un tiempo de inactividad m\u00ednimo. Estos m\u00e9todos pueden utilizarse para a\u00f1adir volumen y definici\u00f3n a la l\u00ednea de la mand\u00edbula, y los resultados pueden durar varios meses o m\u00e1s.\n<br \/>\n<br \/>\n<a href=\"https:\/\/affderm.com\/es\/servicios\/dermatologia-estetica\/laser-agnes\/\">M\u00e1s informaci\u00f3n<\/a><\/p><\/div><\/div>\t\t\t\t<\/div>\n\t\t\t\t<\/div>\n\t\t\t\t\t<\/div>\n\t\t<\/div>\n\t\t\t\t\t<\/div>\n\t\t<\/section>\n\t\t\t\t\t<\/div>\n\t\t<\/div>\n\t\t\t\t\t<\/div>\n\t\t<\/section>\n\t\t\t\t<section class=\"elementor-section elementor-top-section elementor-element elementor-element-c0d347f elementor-section-boxed elementor-section-height-default elementor-section-height-default\" data-id=\"c0d347f\" data-element_type=\"section\" data-e-type=\"section\">\n\t\t\t\t\t\t<div class=\"elementor-container elementor-column-gap-default\">\n\t\t\t\t\t<div class=\"elementor-column elementor-col-100 elementor-top-column elementor-element elementor-element-7f70477\" data-id=\"7f70477\" data-element_type=\"column\" data-e-type=\"column\">\n\t\t\t<div class=\"elementor-widget-wrap elementor-element-populated\">\n\t\t\t\t\t\t<section class=\"elementor-section elementor-inner-section elementor-element elementor-element-48d0f32 elementor-section-boxed elementor-section-height-default elementor-section-height-default\" data-id=\"48d0f32\" data-element_type=\"section\" data-e-type=\"section\">\n\t\t\t\t\t\t<div class=\"elementor-container elementor-column-gap-default\">\n\t\t\t\t\t<div class=\"elementor-column elementor-col-100 elementor-inner-column elementor-element elementor-element-4c9d80a\" data-id=\"4c9d80a\" data-element_type=\"column\" data-e-type=\"column\">\n\t\t\t<div class=\"elementor-widget-wrap elementor-element-populated\">\n\t\t\t\t\t\t<div class=\"elementor-element elementor-element-bcdbb23 elementor-align-center elementor-widget elementor-widget-button\" data-id=\"bcdbb23\" data-element_type=\"widget\" data-e-type=\"widget\" data-widget_type=\"button.default\">\n\t\t\t\t<div class=\"elementor-widget-container\">\n\t\t\t\t\t\t\t\t\t<div class=\"elementor-button-wrapper\">\n\t\t\t\t\t<a class=\"elementor-button elementor-button-link elementor-size-md\" href=\"https:\/\/l.klara.com\/R9YiMF6k4Ux8PCxU\" target=\"_blank\">\n\t\t\t\t\t\t<span class=\"elementor-button-content-wrapper\">\n\t\t\t\t\t\t\t\t\t<span class=\"elementor-button-text\">Programe su cita en l\u00ednea hoy mismo<\/span>\n\t\t\t\t\t<\/span>\n\t\t\t\t\t<\/a>\n\t\t\t\t<\/div>\n\t\t\t\t\t\t\t\t<\/div>\n\t\t\t\t<\/div>\n\t\t\t\t\t<\/div>\n\t\t<\/div>\n\t\t\t\t\t<\/div>\n\t\t<\/section>\n\t\t\t\t\t<\/div>\n\t\t<\/div>\n\t\t\t\t\t<\/div>\n\t\t<\/section>\n\t\t\t\t<\/div>","protected":false},"excerpt":{"rendered":"<p>Facial Rejuvenation Treatments Expert Facial Rejuvenation Services in the Phoenix Valley Are you looking for a way to feel more [&hellip;]<\/p>\n","protected":false},"author":4,"featured_media":0,"parent":718,"menu_order":0,"comment_status":"closed","ping_status":"closed","template":"elementor_header_footer","meta":{"_acf_changed":false,"footnotes":""},"class_list":["post-7258","page","type-page","status-publish","hentry"],"acf":[],"yoast_head":"<!-- This site is optimized with the Yoast SEO plugin v27.5 - https:\/\/yoast.com\/product\/yoast-seo-wordpress\/ -->\n<title>Facial Rejuvenation Treatments in Phoenix, AZ | Book Now! | Affiliated Dermatology<\/title>\n<meta name=\"description\" content=\"Expert facial rejuvenation in Phoenix, AZ. Our dermatologists offer Botox, Renuvion, fillers, chemical peels, &amp; more. Schedule your complimentary consultation!\" \/>\n<meta name=\"robots\" content=\"index, follow, max-snippet:-1, max-image-preview:large, max-video-preview:-1\" \/>\n<link rel=\"canonical\" href=\"https:\/\/affderm.com\/es\/servicios\/dermatologia-estetica\/rejuvenecimiento-facial\/\" \/>\n<meta property=\"og:locale\" content=\"es_MX\" \/>\n<meta property=\"og:type\" content=\"article\" \/>\n<meta property=\"og:title\" content=\"Schedule Facial Rejuvenation Treatments in Phoenix, AZ\" \/>\n<meta property=\"og:description\" content=\"Visit an Affiliated Dermatology office near you for facial rejuvenation treatments. We offer facial rejuvenation at several locations throughout the Phoenix Valley.\" \/>\n<meta property=\"og:url\" content=\"https:\/\/affderm.com\/es\/servicios\/dermatologia-estetica\/rejuvenecimiento-facial\/\" \/>\n<meta property=\"og:site_name\" content=\"Affiliated Dermatology\" \/>\n<meta property=\"article:modified_time\" content=\"2025-11-06T21:49:25+00:00\" \/>\n<meta property=\"og:image\" content=\"https:\/\/affderm.com\/wp-content\/uploads\/2025\/08\/Renuvion-Face-Hero-Tile.jpg\" \/>\n\t<meta property=\"og:image:width\" content=\"720\" \/>\n\t<meta property=\"og:image:height\" content=\"720\" \/>\n\t<meta property=\"og:image:type\" content=\"image\/jpeg\" \/>\n<meta name=\"twitter:card\" content=\"summary_large_image\" \/>\n<meta name=\"twitter:title\" content=\"Schedule Facial Rejuvenation Treatments in Phoenix, AZ\" \/>\n<meta name=\"twitter:description\" content=\"Visit an Affiliated Dermatology office near you for facial rejuvenation treatments. We offer facial rejuvenation at several locations throughout the Phoenix Valley.\" \/>\n<meta name=\"twitter:label1\" content=\"Tiempo de lectura\" \/>\n\t<meta name=\"twitter:data1\" content=\"8 minutos\" \/>\n<script type=\"application\/ld+json\" class=\"yoast-schema-graph\">{\"@context\":\"https:\\\/\\\/schema.org\",\"@graph\":[{\"@type\":\"WebPage\",\"@id\":\"https:\\\/\\\/affderm.com\\\/services\\\/aesthetic-dermatology\\\/facial-rejuvenation\\\/\",\"url\":\"https:\\\/\\\/affderm.com\\\/services\\\/aesthetic-dermatology\\\/facial-rejuvenation\\\/\",\"name\":\"Facial Rejuvenation Treatments in Phoenix, AZ | Book Now! | Affiliated Dermatology\",\"isPartOf\":{\"@id\":\"https:\\\/\\\/affderm.com\\\/#website\"},\"primaryImageOfPage\":{\"@id\":\"https:\\\/\\\/affderm.com\\\/services\\\/aesthetic-dermatology\\\/facial-rejuvenation\\\/#primaryimage\"},\"image\":{\"@id\":\"https:\\\/\\\/affderm.com\\\/services\\\/aesthetic-dermatology\\\/facial-rejuvenation\\\/#primaryimage\"},\"thumbnailUrl\":\"https:\\\/\\\/affderm.com\\\/wp-content\\\/uploads\\\/2025\\\/08\\\/Renuvion-Face-Hero-Tile.jpg\",\"datePublished\":\"2022-11-16T16:41:40+00:00\",\"dateModified\":\"2025-11-06T21:49:25+00:00\",\"description\":\"Expert facial rejuvenation in Phoenix, AZ. Our dermatologists offer Botox, Renuvion, fillers, chemical peels, & more. Schedule your complimentary consultation!\",\"breadcrumb\":{\"@id\":\"https:\\\/\\\/affderm.com\\\/services\\\/aesthetic-dermatology\\\/facial-rejuvenation\\\/#breadcrumb\"},\"inLanguage\":\"es\",\"potentialAction\":[{\"@type\":\"ReadAction\",\"target\":[\"https:\\\/\\\/affderm.com\\\/services\\\/aesthetic-dermatology\\\/facial-rejuvenation\\\/\"]}]},{\"@type\":\"ImageObject\",\"inLanguage\":\"es\",\"@id\":\"https:\\\/\\\/affderm.com\\\/services\\\/aesthetic-dermatology\\\/facial-rejuvenation\\\/#primaryimage\",\"url\":\"https:\\\/\\\/affderm.com\\\/wp-content\\\/uploads\\\/2025\\\/08\\\/Renuvion-Face-Hero-Tile.jpg\",\"contentUrl\":\"https:\\\/\\\/affderm.com\\\/wp-content\\\/uploads\\\/2025\\\/08\\\/Renuvion-Face-Hero-Tile.jpg\"},{\"@type\":\"BreadcrumbList\",\"@id\":\"https:\\\/\\\/affderm.com\\\/services\\\/aesthetic-dermatology\\\/facial-rejuvenation\\\/#breadcrumb\",\"itemListElement\":[{\"@type\":\"ListItem\",\"position\":1,\"name\":\"Home\",\"item\":\"https:\\\/\\\/affderm.com\\\/\"},{\"@type\":\"ListItem\",\"position\":2,\"name\":\"Services\",\"item\":\"https:\\\/\\\/affderm.com\\\/services\\\/\"},{\"@type\":\"ListItem\",\"position\":3,\"name\":\"Aesthetic \\\/ Cosmetic Dermatology\",\"item\":\"https:\\\/\\\/affderm.com\\\/services\\\/aesthetic-dermatology\\\/\"},{\"@type\":\"ListItem\",\"position\":4,\"name\":\"Facial Rejuvenation\"}]},{\"@type\":\"WebSite\",\"@id\":\"https:\\\/\\\/affderm.com\\\/#website\",\"url\":\"https:\\\/\\\/affderm.com\\\/\",\"name\":\"Affiliated Dermatology\",\"description\":\"Experts in Skin Disease Treatment &amp; Prevention\",\"potentialAction\":[{\"@type\":\"SearchAction\",\"target\":{\"@type\":\"EntryPoint\",\"urlTemplate\":\"https:\\\/\\\/affderm.com\\\/?s={search_term_string}\"},\"query-input\":{\"@type\":\"PropertyValueSpecification\",\"valueRequired\":true,\"valueName\":\"search_term_string\"}}],\"inLanguage\":\"es\"}]}<\/script>\n<!-- \/ Yoast SEO plugin. -->","yoast_head_json":{"title":"Tratamientos de Rejuvenecimiento Facial en Phoenix, AZ | \u00a1Reserve Ahora! | Dermatolog\u00eda Afiliada","description":"Expertos en rejuvenecimiento facial en Phoenix, AZ. Nuestros dermat\u00f3logos ofrecen Botox, Renuvion, rellenos, peelings qu\u00edmicos, y m\u00e1s. \u00a1Programe su consulta gratuita!","robots":{"index":"index","follow":"follow","max-snippet":"max-snippet:-1","max-image-preview":"max-image-preview:large","max-video-preview":"max-video-preview:-1"},"canonical":"https:\/\/affderm.com\/es\/servicios\/dermatologia-estetica\/rejuvenecimiento-facial\/","og_locale":"es_MX","og_type":"article","og_title":"Schedule Facial Rejuvenation Treatments in Phoenix, AZ","og_description":"Visit an Affiliated Dermatology office near you for facial rejuvenation treatments. We offer facial rejuvenation at several locations throughout the Phoenix Valley.","og_url":"https:\/\/affderm.com\/es\/servicios\/dermatologia-estetica\/rejuvenecimiento-facial\/","og_site_name":"Affiliated Dermatology","article_modified_time":"2025-11-06T21:49:25+00:00","og_image":[{"width":720,"height":720,"url":"https:\/\/affderm.com\/wp-content\/uploads\/2025\/08\/Renuvion-Face-Hero-Tile.jpg","type":"image\/jpeg"}],"twitter_card":"summary_large_image","twitter_title":"Schedule Facial Rejuvenation Treatments in Phoenix, AZ","twitter_description":"Visit an Affiliated Dermatology office near you for facial rejuvenation treatments. We offer facial rejuvenation at several locations throughout the Phoenix Valley.","twitter_misc":{"Tiempo de lectura":"8 minutos"},"schema":{"@context":"https:\/\/schema.org","@graph":[{"@type":"WebPage","@id":"https:\/\/affderm.com\/services\/aesthetic-dermatology\/facial-rejuvenation\/","url":"https:\/\/affderm.com\/services\/aesthetic-dermatology\/facial-rejuvenation\/","name":"Tratamientos de Rejuvenecimiento Facial en Phoenix, AZ | \u00a1Reserve Ahora! | Dermatolog\u00eda Afiliada","isPartOf":{"@id":"https:\/\/affderm.com\/#website"},"primaryImageOfPage":{"@id":"https:\/\/affderm.com\/services\/aesthetic-dermatology\/facial-rejuvenation\/#primaryimage"},"image":{"@id":"https:\/\/affderm.com\/services\/aesthetic-dermatology\/facial-rejuvenation\/#primaryimage"},"thumbnailUrl":"https:\/\/affderm.com\/wp-content\/uploads\/2025\/08\/Renuvion-Face-Hero-Tile.jpg","datePublished":"2022-11-16T16:41:40+00:00","dateModified":"2025-11-06T21:49:25+00:00","description":"Expertos en rejuvenecimiento facial en Phoenix, AZ. Nuestros dermat\u00f3logos ofrecen Botox, Renuvion, rellenos, peelings qu\u00edmicos, y m\u00e1s. \u00a1Programe su consulta gratuita!","breadcrumb":{"@id":"https:\/\/affderm.com\/services\/aesthetic-dermatology\/facial-rejuvenation\/#breadcrumb"},"inLanguage":"es","potentialAction":[{"@type":"ReadAction","target":["https:\/\/affderm.com\/services\/aesthetic-dermatology\/facial-rejuvenation\/"]}]},{"@type":"ImageObject","inLanguage":"es","@id":"https:\/\/affderm.com\/services\/aesthetic-dermatology\/facial-rejuvenation\/#primaryimage","url":"https:\/\/affderm.com\/wp-content\/uploads\/2025\/08\/Renuvion-Face-Hero-Tile.jpg","contentUrl":"https:\/\/affderm.com\/wp-content\/uploads\/2025\/08\/Renuvion-Face-Hero-Tile.jpg"},{"@type":"BreadcrumbList","@id":"https:\/\/affderm.com\/services\/aesthetic-dermatology\/facial-rejuvenation\/#breadcrumb","itemListElement":[{"@type":"ListItem","position":1,"name":"Home","item":"https:\/\/affderm.com\/"},{"@type":"ListItem","position":2,"name":"Services","item":"https:\/\/affderm.com\/services\/"},{"@type":"ListItem","position":3,"name":"Aesthetic \/ Cosmetic Dermatology","item":"https:\/\/affderm.com\/services\/aesthetic-dermatology\/"},{"@type":"ListItem","position":4,"name":"Facial Rejuvenation"}]},{"@type":"WebSite","@id":"https:\/\/affderm.com\/#website","url":"https:\/\/affderm.com\/","name":"Dermatolog\u00eda afiliada","description":"Expertos en tratamiento y prevenci\u00f3n de enfermedades cut\u00e1neas","potentialAction":[{"@type":"SearchAction","target":{"@type":"EntryPoint","urlTemplate":"https:\/\/affderm.com\/?s={search_term_string}"},"query-input":{"@type":"PropertyValueSpecification","valueRequired":true,"valueName":"search_term_string"}}],"inLanguage":"es"}]}},"_links":{"self":[{"href":"https:\/\/affderm.com\/es\/wp-json\/wp\/v2\/pages\/7258","targetHints":{"allow":["GET"]}}],"collection":[{"href":"https:\/\/affderm.com\/es\/wp-json\/wp\/v2\/pages"}],"about":[{"href":"https:\/\/affderm.com\/es\/wp-json\/wp\/v2\/types\/page"}],"author":[{"embeddable":true,"href":"https:\/\/affderm.com\/es\/wp-json\/wp\/v2\/users\/4"}],"replies":[{"embeddable":true,"href":"https:\/\/affderm.com\/es\/wp-json\/wp\/v2\/comments?post=7258"}],"version-history":[{"count":0,"href":"https:\/\/affderm.com\/es\/wp-json\/wp\/v2\/pages\/7258\/revisions"}],"up":[{"embeddable":true,"href":"https:\/\/affderm.com\/es\/wp-json\/wp\/v2\/pages\/718"}],"wp:attachment":[{"href":"https:\/\/affderm.com\/es\/wp-json\/wp\/v2\/media?parent=7258"}],"curies":[{"name":"wp","href":"https:\/\/api.w.org\/{rel}","templated":true}]}}