{"id":931,"date":"2022-08-07T11:02:05","date_gmt":"2022-08-07T18:02:05","guid":{"rendered":"http:\/\/120.72.95.94:55147\/?page_id=931"},"modified":"2025-12-03T10:05:38","modified_gmt":"2025-12-03T17:05:38","slug":"tratamientos-faciales-de-grado-medico","status":"publish","type":"page","link":"https:\/\/affderm.com\/es\/services\/aesthetic-dermatology\/skin-hair\/medical-grade-facials\/","title":{"rendered":"Tratamientos faciales de grado m\u00e9dico"},"content":{"rendered":"<div data-elementor-type=\"wp-page\" data-elementor-id=\"931\" class=\"elementor elementor-931\">\n\t\t\t\t\t\t<section class=\"elementor-section elementor-top-section elementor-element elementor-element-42c00b1 elementor-section-boxed elementor-section-height-default elementor-section-height-default\" data-id=\"42c00b1\" data-element_type=\"section\" data-e-type=\"section\" data-settings=\"{&quot;background_background&quot;:&quot;classic&quot;}\">\n\t\t\t\t\t\t\t<div class=\"elementor-background-overlay\"><\/div>\n\t\t\t\t\t\t\t<div class=\"elementor-container elementor-column-gap-default\">\n\t\t\t\t\t<div class=\"elementor-column elementor-col-100 elementor-top-column elementor-element elementor-element-818bfdb\" data-id=\"818bfdb\" data-element_type=\"column\" data-e-type=\"column\">\n\t\t\t<div class=\"elementor-widget-wrap elementor-element-populated\">\n\t\t\t\t\t\t<div class=\"elementor-element elementor-element-ca90c7c elementor-widget elementor-widget-heading\" data-id=\"ca90c7c\" data-element_type=\"widget\" data-e-type=\"widget\" data-widget_type=\"heading.default\">\n\t\t\t\t<div class=\"elementor-widget-container\">\n\t\t\t\t\t<h1 class=\"elementor-heading-title elementor-size-default\">Tratamientos faciales de grado m\u00e9dico en el valle de Phoenix<\/h1>\t\t\t\t<\/div>\n\t\t\t\t<\/div>\n\t\t\t\t\t<\/div>\n\t\t<\/div>\n\t\t\t\t\t<\/div>\n\t\t<\/section>\n\t\t\t\t<section class=\"elementor-section elementor-top-section elementor-element elementor-element-1584f48 elementor-section-boxed elementor-section-height-default elementor-section-height-default\" data-id=\"1584f48\" data-element_type=\"section\" data-e-type=\"section\">\n\t\t\t\t\t\t<div class=\"elementor-container elementor-column-gap-default\">\n\t\t\t\t\t<div class=\"elementor-column elementor-col-100 elementor-top-column elementor-element elementor-element-ba6e248\" data-id=\"ba6e248\" data-element_type=\"column\" data-e-type=\"column\">\n\t\t\t<div class=\"elementor-widget-wrap elementor-element-populated\">\n\t\t\t\t\t\t<div class=\"elementor-element elementor-element-12acfa6 elementor-widget elementor-widget-text-editor\" data-id=\"12acfa6\" data-element_type=\"widget\" data-e-type=\"widget\" data-widget_type=\"text-editor.default\">\n\t\t\t\t<div class=\"elementor-widget-container\">\n\t\t\t\t\t\t\t\t\t<p>Limpie, exfolie, enmascare y corrija con nuestros tratamientos faciales de grado m\u00e9dico que funcionan para todo tipo de pieles, incluidas las secas, grasas, normales, sensibles y mixtas. Realizado en nuestro <a href=\"https:\/\/affderm.com\/es\/lugares\/\">consultas de dermatolog\u00eda<\/a>Estos tratamientos faciales altamente personalizables mejoran el aspecto de varios problemas de la piel, como las l\u00edneas finas y las arrugas, la firmeza de la piel, la textura de la piel, la congesti\u00f3n de los poros y el acn\u00e9. Puede obtener m\u00e1s informaci\u00f3n sobre nuestros tratamientos con <span style=\"text-decoration: underline;\"><a href=\"https:\/\/affderm.com\/es\/\">Dermatolog\u00eda afiliada<\/a><\/span> \u00a1hoy!<\/p>\t\t\t\t\t\t\t\t<\/div>\n\t\t\t\t<\/div>\n\t\t\t\t\t<\/div>\n\t\t<\/div>\n\t\t\t\t\t<\/div>\n\t\t<\/section>\n\t\t\t\t<section class=\"elementor-section elementor-top-section elementor-element elementor-element-18ea388 elementor-section-boxed elementor-section-height-default elementor-section-height-default\" data-id=\"18ea388\" data-element_type=\"section\" data-e-type=\"section\">\n\t\t\t\t\t\t<div class=\"elementor-container elementor-column-gap-default\">\n\t\t\t\t\t<div class=\"elementor-column elementor-col-100 elementor-top-column elementor-element elementor-element-b8609a5\" data-id=\"b8609a5\" data-element_type=\"column\" data-e-type=\"column\">\n\t\t\t<div class=\"elementor-widget-wrap elementor-element-populated\">\n\t\t\t\t\t\t<div class=\"elementor-element elementor-element-470e916 img-happy-rt elementor-widget elementor-widget-image\" data-id=\"470e916\" data-element_type=\"widget\" data-e-type=\"widget\" data-widget_type=\"image.default\">\n\t\t\t\t<div class=\"elementor-widget-container\">\n\t\t\t\t\t\t\t\t\t\t\t\t\t\t\t<img fetchpriority=\"high\" decoding=\"async\" width=\"2140\" height=\"713\" src=\"https:\/\/affderm.com\/wp-content\/uploads\/2022\/03\/facials-in-phoenix-az-scottsdale-az.png\" class=\"attachment-full size-full wp-image-933\" alt=\"Tratamientos faciales de grado m\u00e9dico en Phoenix\" srcset=\"https:\/\/affderm.com\/wp-content\/uploads\/2022\/03\/facials-in-phoenix-az-scottsdale-az.png 2140w, https:\/\/affderm.com\/wp-content\/uploads\/2022\/03\/facials-in-phoenix-az-scottsdale-az-800x267.png 800w, https:\/\/affderm.com\/wp-content\/uploads\/2022\/03\/facials-in-phoenix-az-scottsdale-az-1200x400.png 1200w, https:\/\/affderm.com\/wp-content\/uploads\/2022\/03\/facials-in-phoenix-az-scottsdale-az-768x256.png 768w, https:\/\/affderm.com\/wp-content\/uploads\/2022\/03\/facials-in-phoenix-az-scottsdale-az-1536x512.png 1536w, https:\/\/affderm.com\/wp-content\/uploads\/2022\/03\/facials-in-phoenix-az-scottsdale-az-2048x682.png 2048w\" sizes=\"(max-width: 2140px) 100vw, 2140px\" \/>\t\t\t\t\t\t\t\t\t\t\t\t\t\t\t<\/div>\n\t\t\t\t<\/div>\n\t\t\t\t\t<\/div>\n\t\t<\/div>\n\t\t\t\t\t<\/div>\n\t\t<\/section>\n\t\t\t\t<section class=\"elementor-section elementor-top-section elementor-element elementor-element-9997766 elementor-section-boxed elementor-section-height-default elementor-section-height-default\" data-id=\"9997766\" data-element_type=\"section\" data-e-type=\"section\">\n\t\t\t\t\t\t<div class=\"elementor-container elementor-column-gap-default\">\n\t\t\t\t\t<div class=\"elementor-column elementor-col-100 elementor-top-column elementor-element elementor-element-fd2ac63\" data-id=\"fd2ac63\" data-element_type=\"column\" data-e-type=\"column\">\n\t\t\t<div class=\"elementor-widget-wrap elementor-element-populated\">\n\t\t\t\t\t\t<div class=\"elementor-element elementor-element-a365038 elementor-widget elementor-widget-text-editor\" data-id=\"a365038\" data-element_type=\"widget\" data-e-type=\"widget\" data-widget_type=\"text-editor.default\">\n\t\t\t\t<div class=\"elementor-widget-container\">\n\t\t\t\t\t\t\t\t\t<h2>\u00bfQu\u00e9 es un tratamiento facial de grado m\u00e9dico?<\/h2><p>Un tratamiento facial de grado m\u00e9dico utiliza productos y herramientas de nivel profesional y grado m\u00e9dico para lograr resultados significativos para su piel.\u00a0<\/p><p>Normalmente, el proceso de un tratamiento facial de grado m\u00e9dico es similar al de un tratamiento facial de spa est\u00e1ndar. En primer lugar, se comienza con una limpieza y, a continuaci\u00f3n, se avanza hasta terminar con la hidrataci\u00f3n. Sin embargo, hay una diferencia importante entre los tratamientos faciales de grado m\u00e9dico y los tratamientos faciales caseros o de spa. Los productos que se utilizan en un tratamiento facial de grado m\u00e9dico son de un grado y una calidad muy superiores, lo que proporciona resultados mucho mejores.<\/p><p>En muchos casos, los tratamientos faciales de grado m\u00e9dico se adaptan a las necesidades de cada persona. A menudo, un tratamiento facial de grado m\u00e9dico ser\u00e1 un componente de un plan de tratamiento m\u00e1s amplio centrado en objetivos espec\u00edficos. Por ejemplo, un tratamiento facial de grado m\u00e9dico puede combinarse con dermoabrasi\u00f3n, tratamientos con l\u00e1ser o rellenos inyectables.<\/p><h2>\u00bfQu\u00e9 hace un tratamiento facial de grado m\u00e9dico?<\/h2><p>Dado que existen tantos tipos diferentes de tratamientos faciales de grado m\u00e9dico, las posibilidades son pr\u00e1cticamente infinitas. Como resultado, los tratamientos faciales de grado m\u00e9dico son un servicio que puede beneficiar a casi todas las personas - incluyendo muchos tipos de piel, preocupaciones y necesidades.<\/p><p>Los objetivos y resultados de un tratamiento facial de grado m\u00e9dico pueden incluir:<\/p><p>Extracci\u00f3n de poros congestionados, puntos negros y puntos blancos<\/p><ul><li>Limpieza profunda que no altera la barrera natural de la piel<\/li><li>Exfoliaci\u00f3n que elimina la piel muerta y apagada y mejora la absorci\u00f3n del producto<\/li><li>Hidrataci\u00f3n intensa<\/li><\/ul><p>Si tiene ciertos objetivos de cuidado de la piel en mente, los tratamientos faciales de grado m\u00e9dico son una excelente adici\u00f3n a su r\u00e9gimen actual. Un tratamiento facial de grado m\u00e9dico puede utilizarse para tratar problemas como:<\/p><ul><li>L\u00edneas finas y arrugas<\/li><li>Deshidrataci\u00f3n<\/li><li>Da\u00f1os solares<\/li><li>Ros\u00e1cea<\/li><li>Acn\u00e9<\/li><li>Hiperpigmentaci\u00f3n<\/li><li>Cicatrizaci\u00f3n<\/li><li>Mal tono o textura de la piel<\/li><li>Matidez<\/li><\/ul><h2>\u00a0<\/h2><h2>Beneficios de un tratamiento facial de grado m\u00e9dico<\/h2><p>Una de las mayores ventajas de un tratamiento facial de grado m\u00e9dico es la alta calidad de los productos y el equipo. Otros tratamientos faciales, especialmente los que se venden para uso en el hogar, simplemente no ofrecen las formulaciones de nivel profesional disponibles en los tratamientos faciales de grado m\u00e9dico.\u00a0<span style=\"color: var( --e-global-color-text ); font-family: var( --e-global-typography-text-font-family ), Sans-serif; font-weight: var( --e-global-typography-text-font-weight ); font-size: 1rem;\">\u00a0<\/span><\/p><p>Otra ventaja clave es que un tratamiento facial de grado m\u00e9dico lo realiza un profesional experto y altamente cualificado que puede ayudarle a elegir las mejores opciones de tratamiento. Te reunir\u00e1s con un dermat\u00f3logo o esteticista m\u00e9dico para hablar de tus preocupaciones y objetivos de cuidado de la piel, y ellos te dar\u00e1n recomendaciones personalizadas.\u00a0<\/p><p>Otros beneficios faciales de grado m\u00e9dico incluyen:<\/p><ul><li>Planes de tratamiento basados en resultados<\/li><li>Ingredientes\/equipos de grado m\u00e9dico extremadamente eficaces<\/li><li>Instrucciones para los cuidados posteriores, incluidos los productos caseros que puede utilizar para obtener los mejores resultados posibles.\u00a0<\/li><\/ul><p>Nuestros tratamientos faciales de grado m\u00e9dico est\u00e1n disponibles en nuestro\u00a0<a href=\"https:\/\/affderm.com\/es\/lugares\/\" target=\"_blank\" rel=\"noopener\">Oficinas del \u00e1rea metropolitana de Phoenix y del valle<\/a>.<\/p><p>Con una amplia gama de tipos de tratamientos faciales de grado m\u00e9dico entre los que elegir, encontrar uno que se adapte a sus objetivos de cuidado de la piel es sencillo. Cada tratamiento facial m\u00e9dico formulado por expertos est\u00e1 dise\u00f1ado para abordar necesidades espec\u00edficas, desde el tratamiento de los brotes hasta la hidrataci\u00f3n intensa.<\/p><div>\u00a0<\/div>\t\t\t\t\t\t\t\t<\/div>\n\t\t\t\t<\/div>\n\t\t\t\t\t<\/div>\n\t\t<\/div>\n\t\t\t\t\t<\/div>\n\t\t<\/section>\n\t\t\t\t<section class=\"elementor-section elementor-top-section elementor-element elementor-element-040f9aa elementor-section-boxed elementor-section-height-default elementor-section-height-default\" data-id=\"040f9aa\" data-element_type=\"section\" data-e-type=\"section\" data-settings=\"{&quot;background_background&quot;:&quot;classic&quot;}\">\n\t\t\t\t\t\t<div class=\"elementor-container elementor-column-gap-default\">\n\t\t\t\t\t<div class=\"elementor-column elementor-col-100 elementor-top-column elementor-element elementor-element-24eaa22\" data-id=\"24eaa22\" data-element_type=\"column\" data-e-type=\"column\">\n\t\t\t<div class=\"elementor-widget-wrap elementor-element-populated\">\n\t\t\t\t\t\t<div class=\"elementor-element elementor-element-778691a elementor-widget elementor-widget-heading\" data-id=\"778691a\" data-element_type=\"widget\" data-e-type=\"widget\" data-widget_type=\"heading.default\">\n\t\t\t\t<div class=\"elementor-widget-container\">\n\t\t\t\t\t<h3 class=\"elementor-heading-title elementor-size-default\">PCA Skin Facial<\/h3>\t\t\t\t<\/div>\n\t\t\t\t<\/div>\n\t\t\t\t<div class=\"elementor-element elementor-element-8c1cad0 elementor-widget elementor-widget-text-editor\" data-id=\"8c1cad0\" data-element_type=\"widget\" data-e-type=\"widget\" data-widget_type=\"text-editor.default\">\n\t\t\t\t<div class=\"elementor-widget-container\">\n\t\t\t\t\t\t\t\t\t<ul>\n \t<li>Ideal para todo tipo de pieles<\/li>\n \t<li>Limpieza profunda<\/li>\n \t<li>Exfoliante y nutritivo<\/li>\n<\/ul>\t\t\t\t\t\t\t\t<\/div>\n\t\t\t\t<\/div>\n\t\t\t\t<div class=\"elementor-element elementor-element-4198819 elementor-widget elementor-widget-heading\" data-id=\"4198819\" data-element_type=\"widget\" data-e-type=\"widget\" data-widget_type=\"heading.default\">\n\t\t\t\t<div class=\"elementor-widget-container\">\n\t\t\t\t\t<h3 class=\"elementor-heading-title elementor-size-default\">SkinMedica Facial Calmante<\/h3>\t\t\t\t<\/div>\n\t\t\t\t<\/div>\n\t\t\t\t<div class=\"elementor-element elementor-element-3738e55 elementor-widget elementor-widget-text-editor\" data-id=\"3738e55\" data-element_type=\"widget\" data-e-type=\"widget\" data-widget_type=\"text-editor.default\">\n\t\t\t\t<div class=\"elementor-widget-container\">\n\t\t\t\t\t\t\t\t\t<ul><li>Recomendado para pieles sensibles<\/li><li>Alivia y calma la piel irritada<\/li><li>Nutre e hidrata<\/li><\/ul>\t\t\t\t\t\t\t\t<\/div>\n\t\t\t\t<\/div>\n\t\t\t\t<div class=\"elementor-element elementor-element-f02cd5d elementor-widget elementor-widget-heading\" data-id=\"f02cd5d\" data-element_type=\"widget\" data-e-type=\"widget\" data-widget_type=\"heading.default\">\n\t\t\t\t<div class=\"elementor-widget-container\">\n\t\t\t\t\t<h3 class=\"elementor-heading-title elementor-size-default\">SkinMedica Facial Purificante<\/h3>\t\t\t\t<\/div>\n\t\t\t\t<\/div>\n\t\t\t\t<div class=\"elementor-element elementor-element-1ba6be8 elementor-widget elementor-widget-text-editor\" data-id=\"1ba6be8\" data-element_type=\"widget\" data-e-type=\"widget\" data-widget_type=\"text-editor.default\">\n\t\t\t\t<div class=\"elementor-widget-container\">\n\t\t\t\t\t\t\t\t\t<ul><li>Recomendado para pieles sensibles<\/li><li>Alivia y calma la piel irritada<\/li><li>Nutre e hidrata<\/li><\/ul>\t\t\t\t\t\t\t\t<\/div>\n\t\t\t\t<\/div>\n\t\t\t\t<div class=\"elementor-element elementor-element-374dbe5 elementor-widget elementor-widget-heading\" data-id=\"374dbe5\" data-element_type=\"widget\" data-e-type=\"widget\" data-widget_type=\"heading.default\">\n\t\t\t\t<div class=\"elementor-widget-container\">\n\t\t\t\t\t<h3 class=\"elementor-heading-title elementor-size-default\">SkinMedica Anti-Aging TNS Hidratante Facial<\/h3>\t\t\t\t<\/div>\n\t\t\t\t<\/div>\n\t\t\t\t<div class=\"elementor-element elementor-element-f6fc848 elementor-widget elementor-widget-text-editor\" data-id=\"f6fc848\" data-element_type=\"widget\" data-e-type=\"widget\" data-widget_type=\"text-editor.default\">\n\t\t\t\t<div class=\"elementor-widget-container\">\n\t\t\t\t\t\t\t\t\t<ul>\n \t<li>Piel seca, envejecida y fotoenvejecida<\/li>\n \t<li>Hidrata, nutre y revitaliza la piel seca, envejecida y da\u00f1ada por el sol<\/li>\n \t\n<\/ul>\t\t\t\t\t\t\t\t<\/div>\n\t\t\t\t<\/div>\n\t\t\t\t<div class=\"elementor-element elementor-element-8ad19fa elementor-widget elementor-widget-text-editor\" data-id=\"8ad19fa\" data-element_type=\"widget\" data-e-type=\"widget\" data-widget_type=\"text-editor.default\">\n\t\t\t\t<div class=\"elementor-widget-container\">\n\t\t\t\t\t\t\t\t\t<p>Los tratamientos faciales de grado m\u00e9dico junto con los reg\u00edmenes de productos caseros ayudan a tratar la piel, proporcionando m\u00e1s resultados.<\/p>\t\t\t\t\t\t\t\t<\/div>\n\t\t\t\t<\/div>\n\t\t\t\t\t<\/div>\n\t\t<\/div>\n\t\t\t\t\t<\/div>\n\t\t<\/section>\n\t\t\t\t<section class=\"elementor-section elementor-top-section elementor-element elementor-element-bef6107 elementor-section-boxed elementor-section-height-default elementor-section-height-default\" data-id=\"bef6107\" data-element_type=\"section\" data-e-type=\"section\">\n\t\t\t\t\t\t<div class=\"elementor-container elementor-column-gap-default\">\n\t\t\t\t\t<div class=\"elementor-column elementor-col-100 elementor-top-column elementor-element elementor-element-14c82cb\" data-id=\"14c82cb\" data-element_type=\"column\" data-e-type=\"column\">\n\t\t\t<div class=\"elementor-widget-wrap elementor-element-populated\">\n\t\t\t\t\t\t<div class=\"elementor-element elementor-element-e84d8c3 elementor-widget elementor-widget-heading\" data-id=\"e84d8c3\" data-element_type=\"widget\" data-e-type=\"widget\" data-widget_type=\"heading.default\">\n\t\t\t\t<div class=\"elementor-widget-container\">\n\t\t\t\t\t<h3 class=\"elementor-heading-title elementor-size-default\">\u00bfCu\u00e1nto cuestan los tratamientos faciales de calidad m\u00e9dica?<\/h3>\t\t\t\t<\/div>\n\t\t\t\t<\/div>\n\t\t\t\t<div class=\"elementor-element elementor-element-40a6fb3 elementor-widget elementor-widget-text-editor\" data-id=\"40a6fb3\" data-element_type=\"widget\" data-e-type=\"widget\" data-widget_type=\"text-editor.default\">\n\t\t\t\t<div class=\"elementor-widget-container\">\n\t\t\t\t\t\t\t\t\t<p>En Affiliated Dermatology, los tratamientos faciales de calidad m\u00e9dica cuestan a partir de $100. Para aquellos que buscan opciones econ\u00f3micas, <a href=\"https:\/\/affderm.com\/es\/informacion-al-paciente\/financiacion\/\">financiaci\u00f3n<\/a> pueden estar disponibles a trav\u00e9s de Cherry o CareCredit. Descubra m\u00e1s sobre estas oportunidades durante una consulta.<\/p><p>No deje de consultar nuestro <a href=\"https:\/\/affderm.com\/es\/promociones-especiales\/\">Especiales<\/a> para ver c\u00f3mo puedes ahorrar en tus tratamientos faciales.<\/p>\t\t\t\t\t\t\t\t<\/div>\n\t\t\t\t<\/div>\n\t\t\t\t<div class=\"elementor-element elementor-element-fae2d9f elementor-widget elementor-widget-heading\" data-id=\"fae2d9f\" data-element_type=\"widget\" data-e-type=\"widget\" data-widget_type=\"heading.default\">\n\t\t\t\t<div class=\"elementor-widget-container\">\n\t\t\t\t\t<h3 class=\"elementor-heading-title elementor-size-default\">Solicitar una cita<\/h3>\t\t\t\t<\/div>\n\t\t\t\t<\/div>\n\t\t\t\t<div class=\"elementor-element elementor-element-18e7bc9 elementor-widget elementor-widget-text-editor\" data-id=\"18e7bc9\" data-element_type=\"widget\" data-e-type=\"widget\" data-widget_type=\"text-editor.default\">\n\t\t\t\t<div class=\"elementor-widget-container\">\n\t\t\t\t\t\t\t\t\t<p>\u00bfNo est\u00e1 seguro de lo que necesita su piel? Reserva una consulta est\u00e9tica gratuita y te ayudaremos con un <span style=\"text-decoration: underline;\"><a href=\"https:\/\/affderm.com\/es\/contacto\/\">plan de tratamiento personalizado<\/a><\/span> en funci\u00f3n de los objetivos de su piel. Ll\u00e1menos al <a href=\"tel:4805560446\"><strong>(480) 556-0446 <\/strong><\/a>o d\u00e9jenos un mensaje mediante el siguiente formulario.<\/p>\t\t\t\t\t\t\t\t<\/div>\n\t\t\t\t<\/div>\n\t\t\t\t<div class=\"elementor-element elementor-element-17b2aec elementor-widget elementor-widget-text-editor\" data-id=\"17b2aec\" data-element_type=\"widget\" data-e-type=\"widget\" data-widget_type=\"text-editor.default\">\n\t\t\t\t<div class=\"elementor-widget-container\">\n\t\t\t\t\t\t\t\t\t<div class=\"_form_35\"><\/div><script src=\"https:\/\/affderm.dewy.io\/f\/embed.php?id=35\" type=\"text\/javascript\" charset=\"utf-8\"><\/script>\t\t\t\t\t\t\t\t<\/div>\n\t\t\t\t<\/div>\n\t\t\t\t\t<\/div>\n\t\t<\/div>\n\t\t\t\t\t<\/div>\n\t\t<\/section>\n\t\t\t\t<section class=\"elementor-section elementor-top-section elementor-element elementor-element-a224141 elementor-section-boxed elementor-section-height-default elementor-section-height-default\" data-id=\"a224141\" data-element_type=\"section\" data-e-type=\"section\">\n\t\t\t\t\t\t<div class=\"elementor-container elementor-column-gap-default\">\n\t\t\t\t\t<div class=\"elementor-column elementor-col-100 elementor-top-column elementor-element elementor-element-0a2f102\" data-id=\"0a2f102\" data-element_type=\"column\" data-e-type=\"column\">\n\t\t\t<div class=\"elementor-widget-wrap elementor-element-populated\">\n\t\t\t\t\t\t<section class=\"elementor-section elementor-inner-section elementor-element elementor-element-17148b8 elementor-section-full_width elementor-section-height-default elementor-section-height-default\" data-id=\"17148b8\" data-element_type=\"section\" data-e-type=\"section\" data-settings=\"{&quot;background_background&quot;:&quot;classic&quot;}\">\n\t\t\t\t\t\t<div class=\"elementor-container elementor-column-gap-default\">\n\t\t\t\t\t<div class=\"elementor-column elementor-col-100 elementor-inner-column elementor-element elementor-element-1e401fa\" data-id=\"1e401fa\" data-element_type=\"column\" data-e-type=\"column\">\n\t\t\t<div class=\"elementor-widget-wrap elementor-element-populated\">\n\t\t\t\t\t\t<div class=\"elementor-element elementor-element-011ce21 elementor-widget elementor-widget-heading\" data-id=\"011ce21\" data-element_type=\"widget\" data-e-type=\"widget\" data-widget_type=\"heading.default\">\n\t\t\t\t<div class=\"elementor-widget-container\">\n\t\t\t\t\t<h3 class=\"elementor-heading-title elementor-size-default\">Concertar una cita<\/h3>\t\t\t\t<\/div>\n\t\t\t\t<\/div>\n\t\t\t\t<div class=\"elementor-element elementor-element-158aa21 elementor-widget elementor-widget-text-editor\" data-id=\"158aa21\" data-element_type=\"widget\" data-e-type=\"widget\" data-widget_type=\"text-editor.default\">\n\t\t\t\t<div class=\"elementor-widget-container\">\n\t\t\t\t\t\t\t\t\t<p>Tanto si desea recibir tratamiento para una afecci\u00f3n cut\u00e1nea como para un procedimiento est\u00e9tico, puede estar seguro de que ser\u00e1 tratado con atenci\u00f3n profesional y personal por uno de nuestros expertos en el cuidado de la piel. No dude en llamarnos al <strong>(480) 556-0446<\/strong> o d\u00e9jenos un mensaje en l\u00ednea utilizando nuestro <a href=\"https:\/\/affderm.com\/es\/contacto\/\"><strong>Contacte<\/strong><\/a> forma.<\/p>\t\t\t\t\t\t\t\t<\/div>\n\t\t\t\t<\/div>\n\t\t\t\t\t<\/div>\n\t\t<\/div>\n\t\t\t\t\t<\/div>\n\t\t<\/section>\n\t\t\t\t<section class=\"elementor-section elementor-inner-section elementor-element elementor-element-3157c4d elementor-section-full_width elementor-section-height-default elementor-section-height-default\" data-id=\"3157c4d\" data-element_type=\"section\" data-e-type=\"section\" data-settings=\"{&quot;background_background&quot;:&quot;classic&quot;}\">\n\t\t\t\t\t\t<div class=\"elementor-container elementor-column-gap-default\">\n\t\t\t\t\t<div class=\"elementor-column elementor-col-100 elementor-inner-column elementor-element elementor-element-5128af5\" data-id=\"5128af5\" data-element_type=\"column\" data-e-type=\"column\">\n\t\t\t<div class=\"elementor-widget-wrap\">\n\t\t\t\t\t\t\t<\/div>\n\t\t<\/div>\n\t\t\t\t\t<\/div>\n\t\t<\/section>\n\t\t\t\t<div class=\"elementor-element elementor-element-fda34b3 elementor-widget elementor-widget-button\" data-id=\"fda34b3\" data-element_type=\"widget\" data-e-type=\"widget\" data-widget_type=\"button.default\">\n\t\t\t\t<div class=\"elementor-widget-container\">\n\t\t\t\t\t\t\t\t\t<div class=\"elementor-button-wrapper\">\n\t\t\t\t\t<a class=\"elementor-button elementor-button-link elementor-size-sm\" href=\"https:\/\/l.klara.com\/R9YiMF6k4Ux8PCxU\">\n\t\t\t\t\t\t<span class=\"elementor-button-content-wrapper\">\n\t\t\t\t\t\t\t\t\t<span class=\"elementor-button-text\">Concertar una cita<\/span>\n\t\t\t\t\t<\/span>\n\t\t\t\t\t<\/a>\n\t\t\t\t<\/div>\n\t\t\t\t\t\t\t\t<\/div>\n\t\t\t\t<\/div>\n\t\t\t\t\t<\/div>\n\t\t<\/div>\n\t\t\t\t\t<\/div>\n\t\t<\/section>\n\t\t\t\t<\/div>","protected":false},"excerpt":{"rendered":"<p>Medical-Grade Facials in the Phoenix Valley Cleanse, exfoliate, mask, and correct with our medical-grade facials that work for all skin [&hellip;]<\/p>\n","protected":false},"author":1,"featured_media":933,"parent":7456,"menu_order":0,"comment_status":"closed","ping_status":"closed","template":"elementor_header_footer","meta":{"_acf_changed":false,"footnotes":""},"class_list":["post-931","page","type-page","status-publish","has-post-thumbnail","hentry"],"acf":[],"yoast_head":"<!-- This site is optimized with the Yoast SEO plugin v27.5 - https:\/\/yoast.com\/product\/yoast-seo-wordpress\/ -->\n<title>Medical-Grade Facials in Phoenix, AZ | Affiliated Dermatology<\/title>\n<meta name=\"description\" content=\"Transform your skin with medical-grade facials in Phoenix, AZ. Deep cleanse, exfoliate, and correct fine lines, acne, and sun damage for all skin types at Affiliated Dermatology.\" \/>\n<meta name=\"robots\" content=\"index, follow, max-snippet:-1, max-image-preview:large, max-video-preview:-1\" \/>\n<link rel=\"canonical\" href=\"https:\/\/affderm.com\/es\/servicios\/dermatologia-estetica\/piel-pelo\/tratamientos-faciales-de-grado-medico\/\" \/>\n<meta property=\"og:locale\" content=\"es_MX\" \/>\n<meta property=\"og:type\" content=\"article\" \/>\n<meta property=\"og:title\" content=\"Medical-Grade Facials in Phoenix, AZ | Affiliated Dermatology\" \/>\n<meta property=\"og:description\" content=\"Transform your skin with medical-grade facials in Phoenix, AZ. Deep cleanse, exfoliate, and correct fine lines, acne, and sun damage for all skin types at Affiliated Dermatology.\" \/>\n<meta property=\"og:url\" content=\"https:\/\/affderm.com\/es\/servicios\/dermatologia-estetica\/piel-pelo\/tratamientos-faciales-de-grado-medico\/\" \/>\n<meta property=\"og:site_name\" content=\"Affiliated Dermatology\" \/>\n<meta property=\"article:modified_time\" content=\"2025-12-03T17:05:38+00:00\" \/>\n<meta property=\"og:image\" content=\"https:\/\/affderm.com\/wp-content\/uploads\/2022\/03\/facials-in-phoenix-az-scottsdale-az.png\" \/>\n\t<meta property=\"og:image:width\" content=\"2140\" \/>\n\t<meta property=\"og:image:height\" content=\"713\" \/>\n\t<meta property=\"og:image:type\" content=\"image\/png\" \/>\n<meta name=\"twitter:card\" content=\"summary_large_image\" \/>\n<meta name=\"twitter:label1\" content=\"Tiempo de lectura\" \/>\n\t<meta name=\"twitter:data1\" content=\"4 minutos\" \/>\n<script type=\"application\/ld+json\" class=\"yoast-schema-graph\">{\"@context\":\"https:\\\/\\\/schema.org\",\"@graph\":[{\"@type\":\"WebPage\",\"@id\":\"https:\\\/\\\/affderm.com\\\/services\\\/aesthetic-dermatology\\\/skin-hair\\\/medical-grade-facials\\\/\",\"url\":\"https:\\\/\\\/affderm.com\\\/services\\\/aesthetic-dermatology\\\/skin-hair\\\/medical-grade-facials\\\/\",\"name\":\"Medical-Grade Facials in Phoenix, AZ | Affiliated Dermatology\",\"isPartOf\":{\"@id\":\"https:\\\/\\\/affderm.com\\\/#website\"},\"primaryImageOfPage\":{\"@id\":\"https:\\\/\\\/affderm.com\\\/services\\\/aesthetic-dermatology\\\/skin-hair\\\/medical-grade-facials\\\/#primaryimage\"},\"image\":{\"@id\":\"https:\\\/\\\/affderm.com\\\/services\\\/aesthetic-dermatology\\\/skin-hair\\\/medical-grade-facials\\\/#primaryimage\"},\"thumbnailUrl\":\"https:\\\/\\\/affderm.com\\\/wp-content\\\/uploads\\\/2022\\\/03\\\/facials-in-phoenix-az-scottsdale-az.png\",\"datePublished\":\"2022-08-07T18:02:05+00:00\",\"dateModified\":\"2025-12-03T17:05:38+00:00\",\"description\":\"Transform your skin with medical-grade facials in Phoenix, AZ. Deep cleanse, exfoliate, and correct fine lines, acne, and sun damage for all skin types at Affiliated Dermatology.\",\"breadcrumb\":{\"@id\":\"https:\\\/\\\/affderm.com\\\/services\\\/aesthetic-dermatology\\\/skin-hair\\\/medical-grade-facials\\\/#breadcrumb\"},\"inLanguage\":\"es\",\"potentialAction\":[{\"@type\":\"ReadAction\",\"target\":[\"https:\\\/\\\/affderm.com\\\/services\\\/aesthetic-dermatology\\\/skin-hair\\\/medical-grade-facials\\\/\"]}]},{\"@type\":\"ImageObject\",\"inLanguage\":\"es\",\"@id\":\"https:\\\/\\\/affderm.com\\\/services\\\/aesthetic-dermatology\\\/skin-hair\\\/medical-grade-facials\\\/#primaryimage\",\"url\":\"https:\\\/\\\/affderm.com\\\/wp-content\\\/uploads\\\/2022\\\/03\\\/facials-in-phoenix-az-scottsdale-az.png\",\"contentUrl\":\"https:\\\/\\\/affderm.com\\\/wp-content\\\/uploads\\\/2022\\\/03\\\/facials-in-phoenix-az-scottsdale-az.png\",\"width\":2140,\"height\":713,\"caption\":\"medical grade facials in Phoenix\"},{\"@type\":\"BreadcrumbList\",\"@id\":\"https:\\\/\\\/affderm.com\\\/services\\\/aesthetic-dermatology\\\/skin-hair\\\/medical-grade-facials\\\/#breadcrumb\",\"itemListElement\":[{\"@type\":\"ListItem\",\"position\":1,\"name\":\"Home\",\"item\":\"https:\\\/\\\/affderm.com\\\/\"},{\"@type\":\"ListItem\",\"position\":2,\"name\":\"Services\",\"item\":\"https:\\\/\\\/affderm.com\\\/services\\\/\"},{\"@type\":\"ListItem\",\"position\":3,\"name\":\"Aesthetic \\\/ Cosmetic Dermatology\",\"item\":\"https:\\\/\\\/affderm.com\\\/services\\\/aesthetic-dermatology\\\/\"},{\"@type\":\"ListItem\",\"position\":4,\"name\":\"Skin &#038; Hair\",\"item\":\"https:\\\/\\\/affderm.com\\\/services\\\/aesthetic-dermatology\\\/skin-hair\\\/\"},{\"@type\":\"ListItem\",\"position\":5,\"name\":\"Medical-Grade Facials\"}]},{\"@type\":\"WebSite\",\"@id\":\"https:\\\/\\\/affderm.com\\\/#website\",\"url\":\"https:\\\/\\\/affderm.com\\\/\",\"name\":\"Affiliated Dermatology\",\"description\":\"Experts in Skin Disease Treatment &amp; Prevention\",\"potentialAction\":[{\"@type\":\"SearchAction\",\"target\":{\"@type\":\"EntryPoint\",\"urlTemplate\":\"https:\\\/\\\/affderm.com\\\/?s={search_term_string}\"},\"query-input\":{\"@type\":\"PropertyValueSpecification\",\"valueRequired\":true,\"valueName\":\"search_term_string\"}}],\"inLanguage\":\"es\"}]}<\/script>\n<!-- \/ Yoast SEO plugin. -->","yoast_head_json":{"title":"Tratamientos faciales de grado m\u00e9dico en Phoenix, AZ | Affiliated Dermatology","description":"Transforme su piel con tratamientos faciales de grado m\u00e9dico en Phoenix, AZ. Limpieza profunda, exfoliaci\u00f3n y correcci\u00f3n de l\u00edneas finas, acn\u00e9 y da\u00f1o solar para todo tipo de piel en Affiliated Dermatology.","robots":{"index":"index","follow":"follow","max-snippet":"max-snippet:-1","max-image-preview":"max-image-preview:large","max-video-preview":"max-video-preview:-1"},"canonical":"https:\/\/affderm.com\/es\/servicios\/dermatologia-estetica\/piel-pelo\/tratamientos-faciales-de-grado-medico\/","og_locale":"es_MX","og_type":"article","og_title":"Medical-Grade Facials in Phoenix, AZ | Affiliated Dermatology","og_description":"Transform your skin with medical-grade facials in Phoenix, AZ. Deep cleanse, exfoliate, and correct fine lines, acne, and sun damage for all skin types at Affiliated Dermatology.","og_url":"https:\/\/affderm.com\/es\/servicios\/dermatologia-estetica\/piel-pelo\/tratamientos-faciales-de-grado-medico\/","og_site_name":"Affiliated Dermatology","article_modified_time":"2025-12-03T17:05:38+00:00","og_image":[{"width":2140,"height":713,"url":"https:\/\/affderm.com\/wp-content\/uploads\/2022\/03\/facials-in-phoenix-az-scottsdale-az.png","type":"image\/png"}],"twitter_card":"summary_large_image","twitter_misc":{"Tiempo de lectura":"4 minutos"},"schema":{"@context":"https:\/\/schema.org","@graph":[{"@type":"WebPage","@id":"https:\/\/affderm.com\/services\/aesthetic-dermatology\/skin-hair\/medical-grade-facials\/","url":"https:\/\/affderm.com\/services\/aesthetic-dermatology\/skin-hair\/medical-grade-facials\/","name":"Tratamientos faciales de grado m\u00e9dico en Phoenix, AZ | Affiliated Dermatology","isPartOf":{"@id":"https:\/\/affderm.com\/#website"},"primaryImageOfPage":{"@id":"https:\/\/affderm.com\/services\/aesthetic-dermatology\/skin-hair\/medical-grade-facials\/#primaryimage"},"image":{"@id":"https:\/\/affderm.com\/services\/aesthetic-dermatology\/skin-hair\/medical-grade-facials\/#primaryimage"},"thumbnailUrl":"https:\/\/affderm.com\/wp-content\/uploads\/2022\/03\/facials-in-phoenix-az-scottsdale-az.png","datePublished":"2022-08-07T18:02:05+00:00","dateModified":"2025-12-03T17:05:38+00:00","description":"Transforme su piel con tratamientos faciales de grado m\u00e9dico en Phoenix, AZ. Limpieza profunda, exfoliaci\u00f3n y correcci\u00f3n de l\u00edneas finas, acn\u00e9 y da\u00f1o solar para todo tipo de piel en Affiliated Dermatology.","breadcrumb":{"@id":"https:\/\/affderm.com\/services\/aesthetic-dermatology\/skin-hair\/medical-grade-facials\/#breadcrumb"},"inLanguage":"es","potentialAction":[{"@type":"ReadAction","target":["https:\/\/affderm.com\/services\/aesthetic-dermatology\/skin-hair\/medical-grade-facials\/"]}]},{"@type":"ImageObject","inLanguage":"es","@id":"https:\/\/affderm.com\/services\/aesthetic-dermatology\/skin-hair\/medical-grade-facials\/#primaryimage","url":"https:\/\/affderm.com\/wp-content\/uploads\/2022\/03\/facials-in-phoenix-az-scottsdale-az.png","contentUrl":"https:\/\/affderm.com\/wp-content\/uploads\/2022\/03\/facials-in-phoenix-az-scottsdale-az.png","width":2140,"height":713,"caption":"medical grade facials in Phoenix"},{"@type":"BreadcrumbList","@id":"https:\/\/affderm.com\/services\/aesthetic-dermatology\/skin-hair\/medical-grade-facials\/#breadcrumb","itemListElement":[{"@type":"ListItem","position":1,"name":"Home","item":"https:\/\/affderm.com\/"},{"@type":"ListItem","position":2,"name":"Services","item":"https:\/\/affderm.com\/services\/"},{"@type":"ListItem","position":3,"name":"Aesthetic \/ Cosmetic Dermatology","item":"https:\/\/affderm.com\/services\/aesthetic-dermatology\/"},{"@type":"ListItem","position":4,"name":"Skin &#038; Hair","item":"https:\/\/affderm.com\/services\/aesthetic-dermatology\/skin-hair\/"},{"@type":"ListItem","position":5,"name":"Medical-Grade Facials"}]},{"@type":"WebSite","@id":"https:\/\/affderm.com\/#website","url":"https:\/\/affderm.com\/","name":"Dermatolog\u00eda afiliada","description":"Expertos en tratamiento y prevenci\u00f3n de enfermedades cut\u00e1neas","potentialAction":[{"@type":"SearchAction","target":{"@type":"EntryPoint","urlTemplate":"https:\/\/affderm.com\/?s={search_term_string}"},"query-input":{"@type":"PropertyValueSpecification","valueRequired":true,"valueName":"search_term_string"}}],"inLanguage":"es"}]}},"_links":{"self":[{"href":"https:\/\/affderm.com\/es\/wp-json\/wp\/v2\/pages\/931","targetHints":{"allow":["GET"]}}],"collection":[{"href":"https:\/\/affderm.com\/es\/wp-json\/wp\/v2\/pages"}],"about":[{"href":"https:\/\/affderm.com\/es\/wp-json\/wp\/v2\/types\/page"}],"author":[{"embeddable":true,"href":"https:\/\/affderm.com\/es\/wp-json\/wp\/v2\/users\/1"}],"replies":[{"embeddable":true,"href":"https:\/\/affderm.com\/es\/wp-json\/wp\/v2\/comments?post=931"}],"version-history":[{"count":0,"href":"https:\/\/affderm.com\/es\/wp-json\/wp\/v2\/pages\/931\/revisions"}],"up":[{"embeddable":true,"href":"https:\/\/affderm.com\/es\/wp-json\/wp\/v2\/pages\/7456"}],"wp:featuredmedia":[{"embeddable":true,"href":"https:\/\/affderm.com\/es\/wp-json\/wp\/v2\/media\/933"}],"wp:attachment":[{"href":"https:\/\/affderm.com\/es\/wp-json\/wp\/v2\/media?parent=931"}],"curies":[{"name":"wp","href":"https:\/\/api.w.org\/{rel}","templated":true}]}}